{"id":58,"date":"2020-06-05T06:07:07","date_gmt":"2020-06-05T06:07:07","guid":{"rendered":"http:\/\/buildguy.themesion.com\/demo1\/?page_id=12952"},"modified":"2024-12-13T11:06:58","modified_gmt":"2024-12-13T10:06:58","slug":"blog-labour-recruitment-from-eastern-europe","status":"publish","type":"page","link":"https:\/\/personal-aus-osteuropa.de\/en\/blog-labour-recruitment-from-eastern-europe\/","title":{"rendered":"Current"},"content":{"rendered":"<div data-elementor-type=\"wp-page\" data-elementor-id=\"58\" class=\"elementor elementor-58\">\n\t\t\t\t\t\t<div class=\"elementor-section elementor-top-section elementor-element elementor-element-d937f83 tstk-col-stretched-none tstk-bg-color-over-image elementor-section-boxed elementor-section-height-default elementor-section-height-default\" data-id=\"d937f83\" data-element_type=\"section\" data-e-type=\"section\">\n\t\t\t\t\t\t<div class=\"elementor-container elementor-column-gap-no\">\n\t\t\t\t\t<div class=\"elementor-column elementor-col-100 elementor-top-column elementor-element elementor-element-e7d17d3 tstk-bg-color-over-image\" data-id=\"e7d17d3\" data-element_type=\"column\" data-e-type=\"column\">\n\t\t\t<div class=\"elementor-widget-wrap elementor-element-populated\">\n\t\t\t\t\t\t<div class=\"elementor-element elementor-element-8921a16 tstk-align-center elementor-widget elementor-widget-tstk_blog_element\" data-id=\"8921a16\" data-element_type=\"widget\" data-e-type=\"widget\" data-widget_type=\"tstk_blog_element.default\">\n\t\t\t\t<div class=\"elementor-widget-container\">\n\t\t\t\t\t\r\n\t\t<div class=\"themestek-element themestek-element-blog tstk-element-blog-style-1 themestek-element-viewtype-row-column themestek-gap-30px tstk-infinite-scroll-no tstk-infinite-scroll-button-no\" data-cpt=\"blog\" data-totalpagination=\"48\" data-style=\"1\" data-show=\"3\" data-columns=\"3\" data-loop=\"false\" data-autoplay=\"false\" data-center=\"false\" data-nav=\"false\" data-dots=\"false\" data-autoplayspeed=\"1000\" data-lasthalf=\"false\" data-margin=\"30px\"><div class=\"themestek-element-inner\"><div class=\"tstk-infinite-scroll-data\">{\"cpt\":\"blog\",\"style\":\"1\",\"columns\":\"3\",\"order\":\"DESC\",\"orderby\":\"DESC\"}<\/div>\t\t\t\t<div class=\"tstk-ele-header-area\">\r\n\t\t\t\t\t\t<div class=\"tstk-heading-subheading center-align\"><h2 class=\"tstk-element-title\">\r\n\t\t\t\r\n\t\t\t\tProfessionals from abroad\r\n\t\t\t\r\n\t\t\t<\/h2>\r\n\t\t<h4 class=\"tstk-element-subtitle\">\r\n\t\t\t\r\n\t\t\t\tTemporary employment, subcontractor placement, work contracts, workers from Eastern Europe\r\n\t\t\t\r\n\t\t\t<\/h4>\r\n\t\t<\/div>\r\n\t\t\t\t\t\t\t\t\t<\/div>\r\n\r\n\t\t\t<div class=\"tstk-element-posts-wrapper row multi-columns-row\">\r\n\r\n\t\t\t<article class=\"tstk-ele tstk-ele-blog tstk-blog-style-1 col-md-4 uncategorized tstk-term-1 tstk-odd tstk-col-odd\"><div class=\"post-item\">\r\n\t<div class=\"tstk-featured-container\">\t\t\r\n\t\t<div class=\"tstk-featured-wrapper\"><a href=\"https:\/\/personal-aus-osteuropa.de\/en\/2025\/08\/22\/how-is-a-quality-control-carried-out\/\"><img fetchpriority=\"high\" decoding=\"async\" width=\"770\" height=\"550\" src=\"https:\/\/personal-aus-osteuropa.de\/wp-content\/uploads\/2025\/08\/iStock-2160759983-770x550.jpg\" class=\"attachment-tstk-img-770x550 size-tstk-img-770x550 wp-post-image\" alt=\"quality control\" \/><\/a><\/div>\t\r\n\t\t<div class=\"tstk-meta-date-wrapper\">\t\t\t\t\t\r\n\t\t\t<span>22 Aug 2025<\/span> \r\n\t\t<\/div>\t\t\r\n\t<\/div>\r\n\t<div class=\"themestek-box-content\">\t\r\n\t\t<div class=\"tstk-meta-container\">\r\n\t\t\t<div class=\"tstk-meta-author-wrapper tstk-meta-line\">\t\t\t\t\t\r\n\t\t\t\t<a href=\"https:\/\/personal-aus-osteuropa.de\/en\/author\/markus\/\" title=\"Posted editorial office\" rel=\"author\"> editorial staff<\/a>\r\n\t\t\t<\/div>\t\r\n\t\t\t<div class=\"tstk-meta-comment-wrapper tstk-meta-line\">\t\t\t\t\t\r\n\t\t\t\t<div class=\"tstk-meta-category\">\r\n\t\t\t\t\t\t\r\n\t\t\t\t<\/div>\t\r\n\t\t\t<\/div> \r\n\t\t<\/div>\r\n\t\t<h3 class=\"tstk-post-title\"><a href=\"https:\/\/personal-aus-osteuropa.de\/en\/2025\/08\/22\/how-is-a-quality-control-carried-out\/\">How is quality control carried out?<\/a><\/h3>\r\n\t\t<div class=\"themestek-box-desc\">\r\n\t\t\tHow is quality control carried out? The purpose of quality control is to...\t\t\r\n\t\t<\/div>\r\n\t<\/div>\r\n<\/div><\/article><article class=\"tstk-ele tstk-ele-blog tstk-blog-style-1 col-md-4 produktionshelfer tstk-term-220 tstk-even tstk-col-odd\"><div class=\"post-item\">\r\n\t<div class=\"tstk-featured-container\">\t\t\r\n\t\t<div class=\"tstk-featured-wrapper\"><a href=\"https:\/\/personal-aus-osteuropa.de\/en\/2025\/08\/14\/what-tasks-do-the-production-employees-perform-in-logistics-despatch-and-order-picking\/\"><img decoding=\"async\" width=\"770\" height=\"550\" src=\"https:\/\/personal-aus-osteuropa.de\/wp-content\/uploads\/2025\/08\/iStock-2099440303-770x550.jpg\" class=\"attachment-tstk-img-770x550 size-tstk-img-770x550 wp-post-image\" alt=\"Production employee in logistics\" srcset=\"https:\/\/personal-aus-osteuropa.de\/wp-content\/uploads\/2025\/08\/iStock-2099440303-770x550.jpg 770w, https:\/\/personal-aus-osteuropa.de\/wp-content\/uploads\/2025\/08\/iStock-2099440303-18x12.jpg 18w\" sizes=\"(max-width: 770px) 100vw, 770px\" \/><\/a><\/div>\t\r\n\t\t<div class=\"tstk-meta-date-wrapper\">\t\t\t\t\t\r\n\t\t\t<span>14 Aug 2025<\/span> \r\n\t\t<\/div>\t\t\r\n\t<\/div>\r\n\t<div class=\"themestek-box-content\">\t\r\n\t\t<div class=\"tstk-meta-container\">\r\n\t\t\t<div class=\"tstk-meta-author-wrapper tstk-meta-line\">\t\t\t\t\t\r\n\t\t\t\t<a href=\"https:\/\/personal-aus-osteuropa.de\/en\/author\/markus\/\" title=\"Posted editorial office\" rel=\"author\"> editorial staff<\/a>\r\n\t\t\t<\/div>\t\r\n\t\t\t<div class=\"tstk-meta-comment-wrapper tstk-meta-line\">\t\t\t\t\t\r\n\t\t\t\t<div class=\"tstk-meta-category\">\r\n\t\t\t\t\t\t\r\n\t\t\t\t<\/div>\t\r\n\t\t\t<\/div> \r\n\t\t<\/div>\r\n\t\t<h3 class=\"tstk-post-title\"><a href=\"https:\/\/personal-aus-osteuropa.de\/en\/2025\/08\/14\/what-tasks-do-the-production-employees-perform-in-logistics-despatch-and-order-picking\/\">Production employees in logistics, dispatch and order picking<\/a><\/h3>\r\n\t\t<div class=\"themestek-box-desc\">\r\n\t\t\tWhat tasks do the production employees take on in logistics, the...\t\t\r\n\t\t<\/div>\r\n\t<\/div>\r\n<\/div><\/article><article class=\"tstk-ele tstk-ele-blog tstk-blog-style-1 col-md-4 uncategorized tstk-term-1 tstk-odd tstk-col-odd\"><div class=\"post-item\">\r\n\t<div class=\"tstk-featured-container\">\t\t\r\n\t\t<div class=\"tstk-featured-wrapper\"><a href=\"https:\/\/personal-aus-osteuropa.de\/en\/2025\/08\/01\/what-does-the-deployment-of-production-workers-in-the-construction-industry-look-like\/\"><img decoding=\"async\" width=\"770\" height=\"550\" src=\"https:\/\/personal-aus-osteuropa.de\/wp-content\/uploads\/2025\/08\/iStock-1578431385-770x550.jpg\" class=\"attachment-tstk-img-770x550 size-tstk-img-770x550 wp-post-image\" alt=\"production worker building material\" srcset=\"https:\/\/personal-aus-osteuropa.de\/wp-content\/uploads\/2025\/08\/iStock-1578431385-770x550.jpg 770w, https:\/\/personal-aus-osteuropa.de\/wp-content\/uploads\/2025\/08\/iStock-1578431385-18x12.jpg 18w\" sizes=\"(max-width: 770px) 100vw, 770px\" \/><\/a><\/div>\t\r\n\t\t<div class=\"tstk-meta-date-wrapper\">\t\t\t\t\t\r\n\t\t\t<span>01 Aug 2025<\/span> \r\n\t\t<\/div>\t\t\r\n\t<\/div>\r\n\t<div class=\"themestek-box-content\">\t\r\n\t\t<div class=\"tstk-meta-container\">\r\n\t\t\t<div class=\"tstk-meta-author-wrapper tstk-meta-line\">\t\t\t\t\t\r\n\t\t\t\t<a href=\"https:\/\/personal-aus-osteuropa.de\/en\/author\/markus\/\" title=\"Posted editorial office\" rel=\"author\"> editorial staff<\/a>\r\n\t\t\t<\/div>\t\r\n\t\t\t<div class=\"tstk-meta-comment-wrapper tstk-meta-line\">\t\t\t\t\t\r\n\t\t\t\t<div class=\"tstk-meta-category\">\r\n\t\t\t\t\t\t\r\n\t\t\t\t<\/div>\t\r\n\t\t\t<\/div> \r\n\t\t<\/div>\r\n\t\t<h3 class=\"tstk-post-title\"><a href=\"https:\/\/personal-aus-osteuropa.de\/en\/2025\/08\/01\/what-does-the-deployment-of-production-workers-in-the-construction-industry-look-like\/\">What does the deployment of production workers in the construction industry look like?<\/a><\/h3>\r\n\t\t<div class=\"themestek-box-desc\">\r\n\t\t\tWhat does the deployment of production workers in the construction industry...\t\t\r\n\t\t<\/div>\r\n\t<\/div>\r\n<\/div><\/article><article class=\"tstk-ele tstk-ele-blog tstk-blog-style-1 col-md-4 uncategorized tstk-term-1 tstk-even tstk-col-even\"><div class=\"post-item\">\r\n\t<div class=\"tstk-featured-container\">\t\t\r\n\t\t<div class=\"tstk-featured-wrapper\"><a href=\"https:\/\/personal-aus-osteuropa.de\/en\/2025\/07\/29\/what-tasks-are-performed-by-production-workers-in-the-textile-industry\/\"><img loading=\"lazy\" decoding=\"async\" width=\"770\" height=\"550\" src=\"https:\/\/personal-aus-osteuropa.de\/wp-content\/uploads\/2025\/07\/iStock-2168173007-770x550.jpg\" class=\"attachment-tstk-img-770x550 size-tstk-img-770x550 wp-post-image\" alt=\"textile factory employees\" srcset=\"https:\/\/personal-aus-osteuropa.de\/wp-content\/uploads\/2025\/07\/iStock-2168173007-770x550.jpg 770w, https:\/\/personal-aus-osteuropa.de\/wp-content\/uploads\/2025\/07\/iStock-2168173007-18x12.jpg 18w\" sizes=\"(max-width: 770px) 100vw, 770px\" \/><\/a><\/div>\t\r\n\t\t<div class=\"tstk-meta-date-wrapper\">\t\t\t\t\t\r\n\t\t\t<span>29 Jul 2025<\/span> \r\n\t\t<\/div>\t\t\r\n\t<\/div>\r\n\t<div class=\"themestek-box-content\">\t\r\n\t\t<div class=\"tstk-meta-container\">\r\n\t\t\t<div class=\"tstk-meta-author-wrapper tstk-meta-line\">\t\t\t\t\t\r\n\t\t\t\t<a href=\"https:\/\/personal-aus-osteuropa.de\/en\/author\/markus\/\" title=\"Posted editorial office\" rel=\"author\"> editorial staff<\/a>\r\n\t\t\t<\/div>\t\r\n\t\t\t<div class=\"tstk-meta-comment-wrapper tstk-meta-line\">\t\t\t\t\t\r\n\t\t\t\t<div class=\"tstk-meta-category\">\r\n\t\t\t\t\t\t\r\n\t\t\t\t<\/div>\t\r\n\t\t\t<\/div> \r\n\t\t<\/div>\r\n\t\t<h3 class=\"tstk-post-title\"><a href=\"https:\/\/personal-aus-osteuropa.de\/en\/2025\/07\/29\/what-tasks-are-performed-by-production-workers-in-the-textile-industry\/\">What tasks do production employees perform in the textile industry?<\/a><\/h3>\r\n\t\t<div class=\"themestek-box-desc\">\r\n\t\t\tWhat tasks do production employees perform in the textile industry? What tasks...\t\t\r\n\t\t<\/div>\r\n\t<\/div>\r\n<\/div><\/article><article class=\"tstk-ele tstk-ele-blog tstk-blog-style-1 col-md-4 elektriker tstk-term-218 tstk-odd tstk-col-even\"><div class=\"post-item\">\r\n\t<div class=\"tstk-featured-container\">\t\t\r\n\t\t<div class=\"tstk-featured-wrapper\"><a href=\"https:\/\/personal-aus-osteuropa.de\/en\/2025\/07\/25\/how-can-production-workers-be-deployed-in-the-electrical-industry\/\"><img loading=\"lazy\" decoding=\"async\" width=\"770\" height=\"550\" src=\"https:\/\/personal-aus-osteuropa.de\/wp-content\/uploads\/2025\/07\/iStock-1337795745-770x550.jpg\" class=\"attachment-tstk-img-770x550 size-tstk-img-770x550 wp-post-image\" alt=\"production employee electrical industry\" srcset=\"https:\/\/personal-aus-osteuropa.de\/wp-content\/uploads\/2025\/07\/iStock-1337795745-770x550.jpg 770w, https:\/\/personal-aus-osteuropa.de\/wp-content\/uploads\/2025\/07\/iStock-1337795745-18x12.jpg 18w\" sizes=\"(max-width: 770px) 100vw, 770px\" \/><\/a><\/div>\t\r\n\t\t<div class=\"tstk-meta-date-wrapper\">\t\t\t\t\t\r\n\t\t\t<span>25 Jul 2025<\/span> \r\n\t\t<\/div>\t\t\r\n\t<\/div>\r\n\t<div class=\"themestek-box-content\">\t\r\n\t\t<div class=\"tstk-meta-container\">\r\n\t\t\t<div class=\"tstk-meta-author-wrapper tstk-meta-line\">\t\t\t\t\t\r\n\t\t\t\t<a href=\"https:\/\/personal-aus-osteuropa.de\/en\/author\/markus\/\" title=\"Posted editorial office\" rel=\"author\"> editorial staff<\/a>\r\n\t\t\t<\/div>\t\r\n\t\t\t<div class=\"tstk-meta-comment-wrapper tstk-meta-line\">\t\t\t\t\t\r\n\t\t\t\t<div class=\"tstk-meta-category\">\r\n\t\t\t\t\t\t\r\n\t\t\t\t<\/div>\t\r\n\t\t\t<\/div> \r\n\t\t<\/div>\r\n\t\t<h3 class=\"tstk-post-title\"><a href=\"https:\/\/personal-aus-osteuropa.de\/en\/2025\/07\/25\/how-can-production-workers-be-deployed-in-the-electrical-industry\/\">Production employee in the electrical industry<\/a><\/h3>\r\n\t\t<div class=\"themestek-box-desc\">\r\n\t\t\tHow can production employees be deployed in the electrical industry? The...\t\t\r\n\t\t<\/div>\r\n\t<\/div>\r\n<\/div><\/article><article class=\"tstk-ele tstk-ele-blog tstk-blog-style-1 col-md-4 produktionshelfer tstk-term-220 tstk-even tstk-col-even\"><div class=\"post-item\">\r\n\t<div class=\"tstk-featured-container\">\t\t\r\n\t\t<div class=\"tstk-featured-wrapper\"><a href=\"https:\/\/personal-aus-osteuropa.de\/en\/2025\/07\/21\/what-are-the-activities-of-production-workers-in-the-automotive-industry\/\"><img loading=\"lazy\" decoding=\"async\" width=\"770\" height=\"550\" src=\"https:\/\/personal-aus-osteuropa.de\/wp-content\/uploads\/2025\/07\/iStock-1141363948-770x550.jpg\" class=\"attachment-tstk-img-770x550 size-tstk-img-770x550 wp-post-image\" alt=\"production employee automotive industry\" srcset=\"https:\/\/personal-aus-osteuropa.de\/wp-content\/uploads\/2025\/07\/iStock-1141363948-770x550.jpg 770w, https:\/\/personal-aus-osteuropa.de\/wp-content\/uploads\/2025\/07\/iStock-1141363948-18x12.jpg 18w\" sizes=\"(max-width: 770px) 100vw, 770px\" \/><\/a><\/div>\t\r\n\t\t<div class=\"tstk-meta-date-wrapper\">\t\t\t\t\t\r\n\t\t\t<span>21 Jul 2025<\/span> \r\n\t\t<\/div>\t\t\r\n\t<\/div>\r\n\t<div class=\"themestek-box-content\">\t\r\n\t\t<div class=\"tstk-meta-container\">\r\n\t\t\t<div class=\"tstk-meta-author-wrapper tstk-meta-line\">\t\t\t\t\t\r\n\t\t\t\t<a href=\"https:\/\/personal-aus-osteuropa.de\/en\/author\/markus\/\" title=\"Posted editorial office\" rel=\"author\"> editorial staff<\/a>\r\n\t\t\t<\/div>\t\r\n\t\t\t<div class=\"tstk-meta-comment-wrapper tstk-meta-line\">\t\t\t\t\t\r\n\t\t\t\t<div class=\"tstk-meta-category\">\r\n\t\t\t\t\t\t\r\n\t\t\t\t<\/div>\t\r\n\t\t\t<\/div> \r\n\t\t<\/div>\r\n\t\t<h3 class=\"tstk-post-title\"><a href=\"https:\/\/personal-aus-osteuropa.de\/en\/2025\/07\/21\/what-are-the-activities-of-production-workers-in-the-automotive-industry\/\">What are the activities of production employees in the automotive industry?<\/a><\/h3>\r\n\t\t<div class=\"themestek-box-desc\">\r\n\t\t\tWhat are the activities of production workers in the automotive industry?...\t\t\r\n\t\t<\/div>\r\n\t<\/div>\r\n<\/div><\/article><article class=\"tstk-ele tstk-ele-blog tstk-blog-style-1 col-md-4 uncategorized tstk-term-1 tstk-odd tstk-col-odd\"><div class=\"post-item\">\r\n\t<div class=\"tstk-featured-container\">\t\t\r\n\t\t<div class=\"tstk-featured-wrapper\"><a href=\"https:\/\/personal-aus-osteuropa.de\/en\/2025\/07\/15\/how-production-employees-are-deployed-in-manufacturing-and-mechanical-engineering\/\"><img loading=\"lazy\" decoding=\"async\" width=\"770\" height=\"550\" src=\"https:\/\/personal-aus-osteuropa.de\/wp-content\/uploads\/2025\/07\/iStock-1125908939-770x550.jpg\" class=\"attachment-tstk-img-770x550 size-tstk-img-770x550 wp-post-image\" alt=\"production employee mechanical engineering\" srcset=\"https:\/\/personal-aus-osteuropa.de\/wp-content\/uploads\/2025\/07\/iStock-1125908939-770x550.jpg 770w, https:\/\/personal-aus-osteuropa.de\/wp-content\/uploads\/2025\/07\/iStock-1125908939-18x12.jpg 18w\" sizes=\"(max-width: 770px) 100vw, 770px\" \/><\/a><\/div>\t\r\n\t\t<div class=\"tstk-meta-date-wrapper\">\t\t\t\t\t\r\n\t\t\t<span>15 Jul 2025<\/span> \r\n\t\t<\/div>\t\t\r\n\t<\/div>\r\n\t<div class=\"themestek-box-content\">\t\r\n\t\t<div class=\"tstk-meta-container\">\r\n\t\t\t<div class=\"tstk-meta-author-wrapper tstk-meta-line\">\t\t\t\t\t\r\n\t\t\t\t<a href=\"https:\/\/personal-aus-osteuropa.de\/en\/author\/markus\/\" title=\"Posted editorial office\" rel=\"author\"> editorial staff<\/a>\r\n\t\t\t<\/div>\t\r\n\t\t\t<div class=\"tstk-meta-comment-wrapper tstk-meta-line\">\t\t\t\t\t\r\n\t\t\t\t<div class=\"tstk-meta-category\">\r\n\t\t\t\t\t\t\r\n\t\t\t\t<\/div>\t\r\n\t\t\t<\/div> \r\n\t\t<\/div>\r\n\t\t<h3 class=\"tstk-post-title\"><a href=\"https:\/\/personal-aus-osteuropa.de\/en\/2025\/07\/15\/how-production-employees-are-deployed-in-manufacturing-and-mechanical-engineering\/\">How are production employees deployed in manufacturing and mechanical engineering?<\/a><\/h3>\r\n\t\t<div class=\"themestek-box-desc\">\r\n\t\t\tHow are production employees in manufacturing and mechanical engineering...\t\t\r\n\t\t<\/div>\r\n\t<\/div>\r\n<\/div><\/article><article class=\"tstk-ele tstk-ele-blog tstk-blog-style-1 col-md-4 uncategorized tstk-term-1 tstk-even tstk-col-odd\"><div class=\"post-item\">\r\n\t<div class=\"tstk-featured-container\">\t\t\r\n\t\t<div class=\"tstk-featured-wrapper\"><a href=\"https:\/\/personal-aus-osteuropa.de\/en\/2025\/07\/14\/what-qualifications-are-required-for-temporary-work-production\/\"><img loading=\"lazy\" decoding=\"async\" width=\"770\" height=\"550\" src=\"https:\/\/personal-aus-osteuropa.de\/wp-content\/uploads\/2025\/07\/iStock-1663008735-770x550.jpg\" class=\"attachment-tstk-img-770x550 size-tstk-img-770x550 wp-post-image\" alt=\"Production worker qualifications\" srcset=\"https:\/\/personal-aus-osteuropa.de\/wp-content\/uploads\/2025\/07\/iStock-1663008735-770x550.jpg 770w, https:\/\/personal-aus-osteuropa.de\/wp-content\/uploads\/2025\/07\/iStock-1663008735-18x12.jpg 18w\" sizes=\"(max-width: 770px) 100vw, 770px\" \/><\/a><\/div>\t\r\n\t\t<div class=\"tstk-meta-date-wrapper\">\t\t\t\t\t\r\n\t\t\t<span>14 Jul 2025<\/span> \r\n\t\t<\/div>\t\t\r\n\t<\/div>\r\n\t<div class=\"themestek-box-content\">\t\r\n\t\t<div class=\"tstk-meta-container\">\r\n\t\t\t<div class=\"tstk-meta-author-wrapper tstk-meta-line\">\t\t\t\t\t\r\n\t\t\t\t<a href=\"https:\/\/personal-aus-osteuropa.de\/en\/author\/markus\/\" title=\"Posted editorial office\" rel=\"author\"> editorial staff<\/a>\r\n\t\t\t<\/div>\t\r\n\t\t\t<div class=\"tstk-meta-comment-wrapper tstk-meta-line\">\t\t\t\t\t\r\n\t\t\t\t<div class=\"tstk-meta-category\">\r\n\t\t\t\t\t\t\r\n\t\t\t\t<\/div>\t\r\n\t\t\t<\/div> \r\n\t\t<\/div>\r\n\t\t<h3 class=\"tstk-post-title\"><a href=\"https:\/\/personal-aus-osteuropa.de\/en\/2025\/07\/14\/what-qualifications-are-required-for-temporary-work-production\/\">What qualifications are required for temporary work in production?<\/a><\/h3>\r\n\t\t<div class=\"themestek-box-desc\">\r\n\t\t\tWhat qualifications are required for temporary work in production? Temporary work in...\t\t\r\n\t\t<\/div>\r\n\t<\/div>\r\n<\/div><\/article><article class=\"tstk-ele tstk-ele-blog tstk-blog-style-1 col-md-4 uncategorized tstk-term-1 tstk-odd tstk-col-odd\"><div class=\"post-item\">\r\n\t<div class=\"tstk-featured-container\">\t\t\r\n\t\t<div class=\"tstk-featured-wrapper\"><a href=\"https:\/\/personal-aus-osteuropa.de\/en\/2025\/06\/25\/work-life-balance-engineers-how-companies-can-use-new-flexible-working-models\/\"><img loading=\"lazy\" decoding=\"async\" width=\"770\" height=\"550\" src=\"https:\/\/personal-aus-osteuropa.de\/wp-content\/uploads\/2024\/02\/iStock-1714483236-770x550.jpg\" class=\"attachment-tstk-img-770x550 size-tstk-img-770x550 wp-post-image\" alt=\"Free movement of workers\" \/><\/a><\/div>\t\r\n\t\t<div class=\"tstk-meta-date-wrapper\">\t\t\t\t\t\r\n\t\t\t<span>25 Jun 2025<\/span> \r\n\t\t<\/div>\t\t\r\n\t<\/div>\r\n\t<div class=\"themestek-box-content\">\t\r\n\t\t<div class=\"tstk-meta-container\">\r\n\t\t\t<div class=\"tstk-meta-author-wrapper tstk-meta-line\">\t\t\t\t\t\r\n\t\t\t\t<a href=\"https:\/\/personal-aus-osteuropa.de\/en\/author\/markus\/\" title=\"Posted editorial office\" rel=\"author\"> editorial staff<\/a>\r\n\t\t\t<\/div>\t\r\n\t\t\t<div class=\"tstk-meta-comment-wrapper tstk-meta-line\">\t\t\t\t\t\r\n\t\t\t\t<div class=\"tstk-meta-category\">\r\n\t\t\t\t\t\t\r\n\t\t\t\t<\/div>\t\r\n\t\t\t<\/div> \r\n\t\t<\/div>\r\n\t\t<h3 class=\"tstk-post-title\"><a href=\"https:\/\/personal-aus-osteuropa.de\/en\/2025\/06\/25\/work-life-balance-engineers-how-companies-can-use-new-flexible-working-models\/\">Work-life balance engineers: How companies can utilise new flexible working models<\/a><\/h3>\r\n\t\t<div class=\"themestek-box-desc\">\r\n\t\t\tWork-life balance engineers: How companies can utilise new flexible working models...\t\t\r\n\t\t<\/div>\r\n\t<\/div>\r\n<\/div><\/article><article class=\"tstk-ele tstk-ele-blog tstk-blog-style-1 col-md-4 uncategorized tstk-term-1 tstk-even tstk-col-even\"><div class=\"post-item\">\r\n\t<div class=\"tstk-featured-container\">\t\t\r\n\t\t<div class=\"tstk-featured-wrapper\"><a href=\"https:\/\/personal-aus-osteuropa.de\/en\/2025\/06\/10\/challenges-for-german-shipbuilding-in-global-competition\/\"><img loading=\"lazy\" decoding=\"async\" width=\"770\" height=\"550\" src=\"https:\/\/personal-aus-osteuropa.de\/wp-content\/uploads\/2025\/06\/iStock-537866516-770x550.jpg\" class=\"attachment-tstk-img-770x550 size-tstk-img-770x550 wp-post-image\" alt=\"shipbuilding germany\" srcset=\"https:\/\/personal-aus-osteuropa.de\/wp-content\/uploads\/2025\/06\/iStock-537866516-770x550.jpg 770w, https:\/\/personal-aus-osteuropa.de\/wp-content\/uploads\/2025\/06\/iStock-537866516-18x12.jpg 18w\" sizes=\"(max-width: 770px) 100vw, 770px\" \/><\/a><\/div>\t\r\n\t\t<div class=\"tstk-meta-date-wrapper\">\t\t\t\t\t\r\n\t\t\t<span>10 Jun 2025<\/span> \r\n\t\t<\/div>\t\t\r\n\t<\/div>\r\n\t<div class=\"themestek-box-content\">\t\r\n\t\t<div class=\"tstk-meta-container\">\r\n\t\t\t<div class=\"tstk-meta-author-wrapper tstk-meta-line\">\t\t\t\t\t\r\n\t\t\t\t<a href=\"https:\/\/personal-aus-osteuropa.de\/en\/author\/markus\/\" title=\"Posted editorial office\" rel=\"author\"> editorial staff<\/a>\r\n\t\t\t<\/div>\t\r\n\t\t\t<div class=\"tstk-meta-comment-wrapper tstk-meta-line\">\t\t\t\t\t\r\n\t\t\t\t<div class=\"tstk-meta-category\">\r\n\t\t\t\t\t\t\r\n\t\t\t\t<\/div>\t\r\n\t\t\t<\/div> \r\n\t\t<\/div>\r\n\t\t<h3 class=\"tstk-post-title\"><a href=\"https:\/\/personal-aus-osteuropa.de\/en\/2025\/06\/10\/challenges-for-german-shipbuilding-in-global-competition\/\">Challenges for German shipbuilding in global competition<\/a><\/h3>\r\n\t\t<div class=\"themestek-box-desc\">\r\n\t\t\tCompetition from China and South Korea - how does the...\t\t\r\n\t\t<\/div>\r\n\t<\/div>\r\n<\/div><\/article><article class=\"tstk-ele tstk-ele-blog tstk-blog-style-1 col-md-4 uncategorized tstk-term-1 tstk-odd tstk-col-even\"><div class=\"post-item\">\r\n\t<div class=\"tstk-featured-container\">\t\t\r\n\t\t<div class=\"tstk-featured-wrapper\"><a href=\"https:\/\/personal-aus-osteuropa.de\/en\/2025\/05\/26\/how-will-the-expectations-and-demands-on-the-job-profile-of-electricians-change-in-the-coming-decades\/\"><img loading=\"lazy\" decoding=\"async\" width=\"770\" height=\"550\" src=\"https:\/\/personal-aus-osteuropa.de\/wp-content\/uploads\/2025\/05\/iStock-945467284-770x550.jpg\" class=\"attachment-tstk-img-770x550 size-tstk-img-770x550 wp-post-image\" alt=\"profession electrician\" srcset=\"https:\/\/personal-aus-osteuropa.de\/wp-content\/uploads\/2025\/05\/iStock-945467284-770x550.jpg 770w, https:\/\/personal-aus-osteuropa.de\/wp-content\/uploads\/2025\/05\/iStock-945467284-18x12.jpg 18w\" sizes=\"(max-width: 770px) 100vw, 770px\" \/><\/a><\/div>\t\r\n\t\t<div class=\"tstk-meta-date-wrapper\">\t\t\t\t\t\r\n\t\t\t<span>26 May 2025<\/span> \r\n\t\t<\/div>\t\t\r\n\t<\/div>\r\n\t<div class=\"themestek-box-content\">\t\r\n\t\t<div class=\"tstk-meta-container\">\r\n\t\t\t<div class=\"tstk-meta-author-wrapper tstk-meta-line\">\t\t\t\t\t\r\n\t\t\t\t<a href=\"https:\/\/personal-aus-osteuropa.de\/en\/author\/markus\/\" title=\"Posted editorial office\" rel=\"author\"> editorial staff<\/a>\r\n\t\t\t<\/div>\t\r\n\t\t\t<div class=\"tstk-meta-comment-wrapper tstk-meta-line\">\t\t\t\t\t\r\n\t\t\t\t<div class=\"tstk-meta-category\">\r\n\t\t\t\t\t\t\r\n\t\t\t\t<\/div>\t\r\n\t\t\t<\/div> \r\n\t\t<\/div>\r\n\t\t<h3 class=\"tstk-post-title\"><a href=\"https:\/\/personal-aus-osteuropa.de\/en\/2025\/05\/26\/how-will-the-expectations-and-demands-on-the-job-profile-of-electricians-change-in-the-coming-decades\/\">Expectations and requirements for the profession of electrician<\/a><\/h3>\r\n\t\t<div class=\"themestek-box-desc\">\r\n\t\t\tExpectations and requirements for the profession of electrician Also...\t\t\r\n\t\t<\/div>\r\n\t<\/div>\r\n<\/div><\/article><article class=\"tstk-ele tstk-ele-blog tstk-blog-style-1 col-md-4 elektriker tstk-term-218 tstk-even tstk-col-even\"><div class=\"post-item\">\r\n\t<div class=\"tstk-featured-container\">\t\t\r\n\t\t<div class=\"tstk-featured-wrapper\"><a href=\"https:\/\/personal-aus-osteuropa.de\/en\/2025\/05\/21\/electrician-recognition-of-certification-of-foreign-qualifications\/\"><img loading=\"lazy\" decoding=\"async\" width=\"770\" height=\"550\" src=\"https:\/\/personal-aus-osteuropa.de\/wp-content\/uploads\/2025\/05\/iStock-2183515471-770x550.jpg\" class=\"attachment-tstk-img-770x550 size-tstk-img-770x550 wp-post-image\" alt=\"electricians from abroad\" srcset=\"https:\/\/personal-aus-osteuropa.de\/wp-content\/uploads\/2025\/05\/iStock-2183515471-770x550.jpg 770w, https:\/\/personal-aus-osteuropa.de\/wp-content\/uploads\/2025\/05\/iStock-2183515471-18x12.jpg 18w\" sizes=\"(max-width: 770px) 100vw, 770px\" \/><\/a><\/div>\t\r\n\t\t<div class=\"tstk-meta-date-wrapper\">\t\t\t\t\t\r\n\t\t\t<span>21 May 2025<\/span> \r\n\t\t<\/div>\t\t\r\n\t<\/div>\r\n\t<div class=\"themestek-box-content\">\t\r\n\t\t<div class=\"tstk-meta-container\">\r\n\t\t\t<div class=\"tstk-meta-author-wrapper tstk-meta-line\">\t\t\t\t\t\r\n\t\t\t\t<a href=\"https:\/\/personal-aus-osteuropa.de\/en\/author\/markus\/\" title=\"Posted editorial office\" rel=\"author\"> editorial staff<\/a>\r\n\t\t\t<\/div>\t\r\n\t\t\t<div class=\"tstk-meta-comment-wrapper tstk-meta-line\">\t\t\t\t\t\r\n\t\t\t\t<div class=\"tstk-meta-category\">\r\n\t\t\t\t\t\t\r\n\t\t\t\t<\/div>\t\r\n\t\t\t<\/div> \r\n\t\t<\/div>\r\n\t\t<h3 class=\"tstk-post-title\"><a href=\"https:\/\/personal-aus-osteuropa.de\/en\/2025\/05\/21\/electrician-recognition-of-certification-of-foreign-qualifications\/\">Electricians - Recognition of the certification of foreign qualifications<\/a><\/h3>\r\n\t\t<div class=\"themestek-box-desc\">\r\n\t\t\tElectricians from abroad - Recognition of the certification of...\t\t\r\n\t\t<\/div>\r\n\t<\/div>\r\n<\/div><\/article><article class=\"tstk-ele tstk-ele-blog tstk-blog-style-1 col-md-4 elektriker tstk-term-218 tstk-odd tstk-col-odd\"><div class=\"post-item\">\r\n\t<div class=\"tstk-featured-container\">\t\t\r\n\t\t<div class=\"tstk-featured-wrapper\"><a href=\"https:\/\/personal-aus-osteuropa.de\/en\/2025\/05\/13\/special-fields-of-application-for-electricians\/\"><img loading=\"lazy\" decoding=\"async\" width=\"770\" height=\"550\" src=\"https:\/\/personal-aus-osteuropa.de\/wp-content\/uploads\/2025\/05\/iStock-1420952743-770x550.jpg\" class=\"attachment-tstk-img-770x550 size-tstk-img-770x550 wp-post-image\" alt=\"\" srcset=\"https:\/\/personal-aus-osteuropa.de\/wp-content\/uploads\/2025\/05\/iStock-1420952743-770x550.jpg 770w, https:\/\/personal-aus-osteuropa.de\/wp-content\/uploads\/2025\/05\/iStock-1420952743-18x12.jpg 18w\" sizes=\"(max-width: 770px) 100vw, 770px\" \/><\/a><\/div>\t\r\n\t\t<div class=\"tstk-meta-date-wrapper\">\t\t\t\t\t\r\n\t\t\t<span>13 May 2025<\/span> \r\n\t\t<\/div>\t\t\r\n\t<\/div>\r\n\t<div class=\"themestek-box-content\">\t\r\n\t\t<div class=\"tstk-meta-container\">\r\n\t\t\t<div class=\"tstk-meta-author-wrapper tstk-meta-line\">\t\t\t\t\t\r\n\t\t\t\t<a href=\"https:\/\/personal-aus-osteuropa.de\/en\/author\/markus\/\" title=\"Posted editorial office\" rel=\"author\"> editorial staff<\/a>\r\n\t\t\t<\/div>\t\r\n\t\t\t<div class=\"tstk-meta-comment-wrapper tstk-meta-line\">\t\t\t\t\t\r\n\t\t\t\t<div class=\"tstk-meta-category\">\r\n\t\t\t\t\t\t\r\n\t\t\t\t<\/div>\t\r\n\t\t\t<\/div> \r\n\t\t<\/div>\r\n\t\t<h3 class=\"tstk-post-title\"><a href=\"https:\/\/personal-aus-osteuropa.de\/en\/2025\/05\/13\/special-fields-of-application-for-electricians\/\">Special areas of application for electricians<\/a><\/h3>\r\n\t\t<div class=\"themestek-box-desc\">\r\n\t\t\tSpecial areas of application for electricians In addition to the day-to-day tasks of...\t\t\r\n\t\t<\/div>\r\n\t<\/div>\r\n<\/div><\/article><article class=\"tstk-ele tstk-ele-blog tstk-blog-style-1 col-md-4 elektriker tstk-term-218 tstk-even tstk-col-odd\"><div class=\"post-item\">\r\n\t<div class=\"tstk-featured-container\">\t\t\r\n\t\t<div class=\"tstk-featured-wrapper\"><a href=\"https:\/\/personal-aus-osteuropa.de\/en\/2025\/05\/06\/self-employed-electrician-start-or-buy-your-own-electrical-company\/\"><img loading=\"lazy\" decoding=\"async\" width=\"770\" height=\"550\" src=\"https:\/\/personal-aus-osteuropa.de\/wp-content\/uploads\/2025\/05\/iStock-1758531135-1-770x550.jpg\" class=\"attachment-tstk-img-770x550 size-tstk-img-770x550 wp-post-image\" alt=\"electrician profession\" srcset=\"https:\/\/personal-aus-osteuropa.de\/wp-content\/uploads\/2025\/05\/iStock-1758531135-1-770x550.jpg 770w, https:\/\/personal-aus-osteuropa.de\/wp-content\/uploads\/2025\/05\/iStock-1758531135-1-18x12.jpg 18w\" sizes=\"(max-width: 770px) 100vw, 770px\" \/><\/a><\/div>\t\r\n\t\t<div class=\"tstk-meta-date-wrapper\">\t\t\t\t\t\r\n\t\t\t<span>06 May 2025<\/span> \r\n\t\t<\/div>\t\t\r\n\t<\/div>\r\n\t<div class=\"themestek-box-content\">\t\r\n\t\t<div class=\"tstk-meta-container\">\r\n\t\t\t<div class=\"tstk-meta-author-wrapper tstk-meta-line\">\t\t\t\t\t\r\n\t\t\t\t<a href=\"https:\/\/personal-aus-osteuropa.de\/en\/author\/markus\/\" title=\"Posted editorial office\" rel=\"author\"> editorial staff<\/a>\r\n\t\t\t<\/div>\t\r\n\t\t\t<div class=\"tstk-meta-comment-wrapper tstk-meta-line\">\t\t\t\t\t\r\n\t\t\t\t<div class=\"tstk-meta-category\">\r\n\t\t\t\t\t\t\r\n\t\t\t\t<\/div>\t\r\n\t\t\t<\/div> \r\n\t\t<\/div>\r\n\t\t<h3 class=\"tstk-post-title\"><a href=\"https:\/\/personal-aus-osteuropa.de\/en\/2025\/05\/06\/self-employed-electrician-start-or-buy-your-own-electrical-company\/\">Self-employed electrician - set up or buy an electrical company<\/a><\/h3>\r\n\t\t<div class=\"themestek-box-desc\">\r\n\t\t\tSelf-employed as an electrician - set up or buy your own electrical company?...\t\t\r\n\t\t<\/div>\r\n\t<\/div>\r\n<\/div><\/article><article class=\"tstk-ele tstk-ele-blog tstk-blog-style-1 col-md-4 uncategorized tstk-term-1 tstk-odd tstk-col-odd\"><div class=\"post-item\">\r\n\t<div class=\"tstk-featured-container\">\t\t\r\n\t\t<div class=\"tstk-featured-wrapper\"><a href=\"https:\/\/personal-aus-osteuropa.de\/en\/2025\/04\/25\/the-mechatronics-technician-microtechnologist-electrical-systems-fitter-technical-systems-planner\/\"><img loading=\"lazy\" decoding=\"async\" width=\"770\" height=\"550\" src=\"https:\/\/personal-aus-osteuropa.de\/wp-content\/uploads\/2025\/04\/iStock-843765236-1-770x550.jpg\" class=\"attachment-tstk-img-770x550 size-tstk-img-770x550 wp-post-image\" alt=\"electricians from abroad\" srcset=\"https:\/\/personal-aus-osteuropa.de\/wp-content\/uploads\/2025\/04\/iStock-843765236-1-770x550.jpg 770w, https:\/\/personal-aus-osteuropa.de\/wp-content\/uploads\/2025\/04\/iStock-843765236-1-18x12.jpg 18w\" sizes=\"(max-width: 770px) 100vw, 770px\" \/><\/a><\/div>\t\r\n\t\t<div class=\"tstk-meta-date-wrapper\">\t\t\t\t\t\r\n\t\t\t<span>25 Apr 2025<\/span> \r\n\t\t<\/div>\t\t\r\n\t<\/div>\r\n\t<div class=\"themestek-box-content\">\t\r\n\t\t<div class=\"tstk-meta-container\">\r\n\t\t\t<div class=\"tstk-meta-author-wrapper tstk-meta-line\">\t\t\t\t\t\r\n\t\t\t\t<a href=\"https:\/\/personal-aus-osteuropa.de\/en\/author\/markus\/\" title=\"Posted editorial office\" rel=\"author\"> editorial staff<\/a>\r\n\t\t\t<\/div>\t\r\n\t\t\t<div class=\"tstk-meta-comment-wrapper tstk-meta-line\">\t\t\t\t\t\r\n\t\t\t\t<div class=\"tstk-meta-category\">\r\n\t\t\t\t\t\t\r\n\t\t\t\t<\/div>\t\r\n\t\t\t<\/div> \r\n\t\t<\/div>\r\n\t\t<h3 class=\"tstk-post-title\"><a href=\"https:\/\/personal-aus-osteuropa.de\/en\/2025\/04\/25\/the-mechatronics-technician-microtechnologist-electrical-systems-fitter-technical-systems-planner\/\">Mechatronics technician, microtechnologist, electrical system fitter<\/a><\/h3>\r\n\t\t<div class=\"themestek-box-desc\">\r\n\t\t\tMechatronics technician, microtechnologist, electrical systems fitter, IT systems electrician In an increasingly technologised world...\t\t\r\n\t\t<\/div>\r\n\t<\/div>\r\n<\/div><\/article><article class=\"tstk-ele tstk-ele-blog tstk-blog-style-1 col-md-4 elektriker tstk-term-218 industrial tstk-term-39 tstk-even tstk-col-even\"><div class=\"post-item\">\r\n\t<div class=\"tstk-featured-container\">\t\t\r\n\t\t<div class=\"tstk-featured-wrapper\"><a href=\"https:\/\/personal-aus-osteuropa.de\/en\/2025\/04\/25\/the-electrician-in-the-industry\/\"><img loading=\"lazy\" decoding=\"async\" width=\"770\" height=\"550\" src=\"https:\/\/personal-aus-osteuropa.de\/wp-content\/uploads\/2025\/04\/iStock-1500686570-770x550.jpg\" class=\"attachment-tstk-img-770x550 size-tstk-img-770x550 wp-post-image\" alt=\"production employees\" srcset=\"https:\/\/personal-aus-osteuropa.de\/wp-content\/uploads\/2025\/04\/iStock-1500686570-770x550.jpg 770w, https:\/\/personal-aus-osteuropa.de\/wp-content\/uploads\/2025\/04\/iStock-1500686570-18x12.jpg 18w\" sizes=\"(max-width: 770px) 100vw, 770px\" \/><\/a><\/div>\t\r\n\t\t<div class=\"tstk-meta-date-wrapper\">\t\t\t\t\t\r\n\t\t\t<span>25 Apr 2025<\/span> \r\n\t\t<\/div>\t\t\r\n\t<\/div>\r\n\t<div class=\"themestek-box-content\">\t\r\n\t\t<div class=\"tstk-meta-container\">\r\n\t\t\t<div class=\"tstk-meta-author-wrapper tstk-meta-line\">\t\t\t\t\t\r\n\t\t\t\t<a href=\"https:\/\/personal-aus-osteuropa.de\/en\/author\/markus\/\" title=\"Posted editorial office\" rel=\"author\"> editorial staff<\/a>\r\n\t\t\t<\/div>\t\r\n\t\t\t<div class=\"tstk-meta-comment-wrapper tstk-meta-line\">\t\t\t\t\t\r\n\t\t\t\t<div class=\"tstk-meta-category\">\r\n\t\t\t\t\t\t\r\n\t\t\t\t<\/div>\t\r\n\t\t\t<\/div> \r\n\t\t<\/div>\r\n\t\t<h3 class=\"tstk-post-title\"><a href=\"https:\/\/personal-aus-osteuropa.de\/en\/2025\/04\/25\/the-electrician-in-the-industry\/\">Electricians in the industry sector<\/a><\/h3>\r\n\t\t<div class=\"themestek-box-desc\">\r\n\t\t\tThe electrician in the industry The industry offers a...\t\t\r\n\t\t<\/div>\r\n\t<\/div>\r\n<\/div><\/article><article class=\"tstk-ele tstk-ele-blog tstk-blog-style-1 col-md-4 uncategorized tstk-term-1 tstk-odd tstk-col-even\"><div class=\"post-item\">\r\n\t<div class=\"tstk-featured-container\">\t\t\r\n\t\t<div class=\"tstk-featured-wrapper\"><a href=\"https:\/\/personal-aus-osteuropa.de\/en\/2025\/04\/25\/electrician-or-electronics-technician-the-electrical-profession-itself\/\"><img loading=\"lazy\" decoding=\"async\" width=\"770\" height=\"550\" src=\"https:\/\/personal-aus-osteuropa.de\/wp-content\/uploads\/2025\/04\/iStock-1461659683-770x550.jpg\" class=\"attachment-tstk-img-770x550 size-tstk-img-770x550 wp-post-image\" alt=\"\" srcset=\"https:\/\/personal-aus-osteuropa.de\/wp-content\/uploads\/2025\/04\/iStock-1461659683-770x550.jpg 770w, https:\/\/personal-aus-osteuropa.de\/wp-content\/uploads\/2025\/04\/iStock-1461659683-18x12.jpg 18w\" sizes=\"(max-width: 770px) 100vw, 770px\" \/><\/a><\/div>\t\r\n\t\t<div class=\"tstk-meta-date-wrapper\">\t\t\t\t\t\r\n\t\t\t<span>25 Apr 2025<\/span> \r\n\t\t<\/div>\t\t\r\n\t<\/div>\r\n\t<div class=\"themestek-box-content\">\t\r\n\t\t<div class=\"tstk-meta-container\">\r\n\t\t\t<div class=\"tstk-meta-author-wrapper tstk-meta-line\">\t\t\t\t\t\r\n\t\t\t\t<a href=\"https:\/\/personal-aus-osteuropa.de\/en\/author\/markus\/\" title=\"Posted editorial office\" rel=\"author\"> editorial staff<\/a>\r\n\t\t\t<\/div>\t\r\n\t\t\t<div class=\"tstk-meta-comment-wrapper tstk-meta-line\">\t\t\t\t\t\r\n\t\t\t\t<div class=\"tstk-meta-category\">\r\n\t\t\t\t\t\t\r\n\t\t\t\t<\/div>\t\r\n\t\t\t<\/div> \r\n\t\t<\/div>\r\n\t\t<h3 class=\"tstk-post-title\"><a href=\"https:\/\/personal-aus-osteuropa.de\/en\/2025\/04\/25\/electrician-or-electronics-technician-the-electrical-profession-itself\/\">Electrician or Technician \u2013 Understanding the Roles<\/a><\/h3>\r\n\t\t<div class=\"themestek-box-desc\">\r\n\t\t\tElectrician or electronics technician - The electrician profession itself Electrician or...\t\t\r\n\t\t<\/div>\r\n\t<\/div>\r\n<\/div><\/article><article class=\"tstk-ele tstk-ele-blog tstk-blog-style-1 col-md-4 metallverarbeitung tstk-term-219 tstk-even tstk-col-even\"><div class=\"post-item\">\r\n\t<div class=\"tstk-featured-container\">\t\t\r\n\t\t<div class=\"tstk-featured-wrapper\"><a href=\"https:\/\/personal-aus-osteuropa.de\/en\/2025\/04\/22\/machining-techniques-the-basics-of-metalworking\/\"><img loading=\"lazy\" decoding=\"async\" width=\"770\" height=\"550\" src=\"https:\/\/personal-aus-osteuropa.de\/wp-content\/uploads\/2025\/04\/iStock-1134465822-770x550.jpg\" class=\"attachment-tstk-img-770x550 size-tstk-img-770x550 wp-post-image\" alt=\"Machining technician\" srcset=\"https:\/\/personal-aus-osteuropa.de\/wp-content\/uploads\/2025\/04\/iStock-1134465822-770x550.jpg 770w, https:\/\/personal-aus-osteuropa.de\/wp-content\/uploads\/2025\/04\/iStock-1134465822-18x12.jpg 18w\" sizes=\"(max-width: 770px) 100vw, 770px\" \/><\/a><\/div>\t\r\n\t\t<div class=\"tstk-meta-date-wrapper\">\t\t\t\t\t\r\n\t\t\t<span>22 Apr 2025<\/span> \r\n\t\t<\/div>\t\t\r\n\t<\/div>\r\n\t<div class=\"themestek-box-content\">\t\r\n\t\t<div class=\"tstk-meta-container\">\r\n\t\t\t<div class=\"tstk-meta-author-wrapper tstk-meta-line\">\t\t\t\t\t\r\n\t\t\t\t<a href=\"https:\/\/personal-aus-osteuropa.de\/en\/author\/markus\/\" title=\"Posted editorial office\" rel=\"author\"> editorial staff<\/a>\r\n\t\t\t<\/div>\t\r\n\t\t\t<div class=\"tstk-meta-comment-wrapper tstk-meta-line\">\t\t\t\t\t\r\n\t\t\t\t<div class=\"tstk-meta-category\">\r\n\t\t\t\t\t\t\r\n\t\t\t\t<\/div>\t\r\n\t\t\t<\/div> \r\n\t\t<\/div>\r\n\t\t<h3 class=\"tstk-post-title\"><a href=\"https:\/\/personal-aus-osteuropa.de\/en\/2025\/04\/22\/machining-techniques-the-basics-of-metalworking\/\">Machining Basics \u2013 Introduction to Metalworking<\/a><\/h3>\r\n\t\t<div class=\"themestek-box-desc\">\r\n\t\t\tMachining techniques: The basics of metalworking Machining is a...\t\t\r\n\t\t<\/div>\r\n\t<\/div>\r\n<\/div><\/article><article class=\"tstk-ele tstk-ele-blog tstk-blog-style-1 col-md-4 uncategorized tstk-term-1 tstk-odd tstk-col-odd\"><div class=\"post-item\">\r\n\t<div class=\"tstk-featured-container\">\t\t\r\n\t\t<div class=\"tstk-featured-wrapper\"><a href=\"https:\/\/personal-aus-osteuropa.de\/en\/2025\/04\/07\/what-is-an-electrician\/\"><img loading=\"lazy\" decoding=\"async\" width=\"770\" height=\"550\" src=\"https:\/\/personal-aus-osteuropa.de\/wp-content\/uploads\/2025\/04\/iStock-1407100559-770x550.jpg\" class=\"attachment-tstk-img-770x550 size-tstk-img-770x550 wp-post-image\" alt=\"\" srcset=\"https:\/\/personal-aus-osteuropa.de\/wp-content\/uploads\/2025\/04\/iStock-1407100559-770x550.jpg 770w, https:\/\/personal-aus-osteuropa.de\/wp-content\/uploads\/2025\/04\/iStock-1407100559-18x12.jpg 18w\" sizes=\"(max-width: 770px) 100vw, 770px\" \/><\/a><\/div>\t\r\n\t\t<div class=\"tstk-meta-date-wrapper\">\t\t\t\t\t\r\n\t\t\t<span>07 Apr 2025<\/span> \r\n\t\t<\/div>\t\t\r\n\t<\/div>\r\n\t<div class=\"themestek-box-content\">\t\r\n\t\t<div class=\"tstk-meta-container\">\r\n\t\t\t<div class=\"tstk-meta-author-wrapper tstk-meta-line\">\t\t\t\t\t\r\n\t\t\t\t<a href=\"https:\/\/personal-aus-osteuropa.de\/en\/author\/markus\/\" title=\"Posted editorial office\" rel=\"author\"> editorial staff<\/a>\r\n\t\t\t<\/div>\t\r\n\t\t\t<div class=\"tstk-meta-comment-wrapper tstk-meta-line\">\t\t\t\t\t\r\n\t\t\t\t<div class=\"tstk-meta-category\">\r\n\t\t\t\t\t\t\r\n\t\t\t\t<\/div>\t\r\n\t\t\t<\/div> \r\n\t\t<\/div>\r\n\t\t<h3 class=\"tstk-post-title\"><a href=\"https:\/\/personal-aus-osteuropa.de\/en\/2025\/04\/07\/what-is-an-electrician\/\">What is an electrician<\/a><\/h3>\r\n\t\t<div class=\"themestek-box-desc\">\r\n\t\t\tElectrician - job description, training, salary Electrician, that is a...\t\t\r\n\t\t<\/div>\r\n\t<\/div>\r\n<\/div><\/article><article class=\"tstk-ele tstk-ele-blog tstk-blog-style-1 col-md-4 uncategorized tstk-term-1 tstk-even tstk-col-odd\"><div class=\"post-item\">\r\n\t<div class=\"tstk-featured-container\">\t\t\r\n\t\t<div class=\"tstk-featured-wrapper\"><a href=\"https:\/\/personal-aus-osteuropa.de\/en\/2025\/04\/03\/technological-developments-temporary-work-in-the-defence-industry\/\"><img loading=\"lazy\" decoding=\"async\" width=\"770\" height=\"550\" src=\"https:\/\/personal-aus-osteuropa.de\/wp-content\/uploads\/2025\/04\/iStock-2166142466-770x550.jpg\" class=\"attachment-tstk-img-770x550 size-tstk-img-770x550 wp-post-image\" alt=\"temporary employment defence industry\" srcset=\"https:\/\/personal-aus-osteuropa.de\/wp-content\/uploads\/2025\/04\/iStock-2166142466-770x550.jpg 770w, https:\/\/personal-aus-osteuropa.de\/wp-content\/uploads\/2025\/04\/iStock-2166142466-18x12.jpg 18w\" sizes=\"(max-width: 770px) 100vw, 770px\" \/><\/a><\/div>\t\r\n\t\t<div class=\"tstk-meta-date-wrapper\">\t\t\t\t\t\r\n\t\t\t<span>03 Apr 2025<\/span> \r\n\t\t<\/div>\t\t\r\n\t<\/div>\r\n\t<div class=\"themestek-box-content\">\t\r\n\t\t<div class=\"tstk-meta-container\">\r\n\t\t\t<div class=\"tstk-meta-author-wrapper tstk-meta-line\">\t\t\t\t\t\r\n\t\t\t\t<a href=\"https:\/\/personal-aus-osteuropa.de\/en\/author\/markus\/\" title=\"Posted editorial office\" rel=\"author\"> editorial staff<\/a>\r\n\t\t\t<\/div>\t\r\n\t\t\t<div class=\"tstk-meta-comment-wrapper tstk-meta-line\">\t\t\t\t\t\r\n\t\t\t\t<div class=\"tstk-meta-category\">\r\n\t\t\t\t\t\t\r\n\t\t\t\t<\/div>\t\r\n\t\t\t<\/div> \r\n\t\t<\/div>\r\n\t\t<h3 class=\"tstk-post-title\"><a href=\"https:\/\/personal-aus-osteuropa.de\/en\/2025\/04\/03\/technological-developments-temporary-work-in-the-defence-industry\/\">Technological developments &amp; temporary work in the defence industry<\/a><\/h3>\r\n\t\t<div class=\"themestek-box-desc\">\r\n\t\t\tTechnological developments &amp; temporary work in the defence industry The defence industry...\t\t\r\n\t\t<\/div>\r\n\t<\/div>\r\n<\/div><\/article><article class=\"tstk-ele tstk-ele-blog tstk-blog-style-1 col-md-4 schweissen tstk-term-215 tstk-odd tstk-col-odd\"><div class=\"post-item\">\r\n\t<div class=\"tstk-featured-container\">\t\t\r\n\t\t<div class=\"tstk-featured-wrapper\"><a href=\"https:\/\/personal-aus-osteuropa.de\/en\/2025\/04\/02\/welding-dangers-and-risks\/\"><img loading=\"lazy\" decoding=\"async\" width=\"770\" height=\"550\" src=\"https:\/\/personal-aus-osteuropa.de\/wp-content\/uploads\/2025\/04\/iStock-2186600951-770x550.jpg\" class=\"attachment-tstk-img-770x550 size-tstk-img-770x550 wp-post-image\" alt=\"welder protective clothing\" srcset=\"https:\/\/personal-aus-osteuropa.de\/wp-content\/uploads\/2025\/04\/iStock-2186600951-770x550.jpg 770w, https:\/\/personal-aus-osteuropa.de\/wp-content\/uploads\/2025\/04\/iStock-2186600951-18x12.jpg 18w\" sizes=\"(max-width: 770px) 100vw, 770px\" \/><\/a><\/div>\t\r\n\t\t<div class=\"tstk-meta-date-wrapper\">\t\t\t\t\t\r\n\t\t\t<span>02 Apr 2025<\/span> \r\n\t\t<\/div>\t\t\r\n\t<\/div>\r\n\t<div class=\"themestek-box-content\">\t\r\n\t\t<div class=\"tstk-meta-container\">\r\n\t\t\t<div class=\"tstk-meta-author-wrapper tstk-meta-line\">\t\t\t\t\t\r\n\t\t\t\t<a href=\"https:\/\/personal-aus-osteuropa.de\/en\/author\/markus\/\" title=\"Posted editorial office\" rel=\"author\"> editorial staff<\/a>\r\n\t\t\t<\/div>\t\r\n\t\t\t<div class=\"tstk-meta-comment-wrapper tstk-meta-line\">\t\t\t\t\t\r\n\t\t\t\t<div class=\"tstk-meta-category\">\r\n\t\t\t\t\t\t\r\n\t\t\t\t<\/div>\t\r\n\t\t\t<\/div> \r\n\t\t<\/div>\r\n\t\t<h3 class=\"tstk-post-title\"><a href=\"https:\/\/personal-aus-osteuropa.de\/en\/2025\/04\/02\/welding-dangers-and-risks\/\">Welding - dangers and risks<\/a><\/h3>\r\n\t\t<div class=\"themestek-box-desc\">\r\n\t\t\tDangers and risks during welding Welding involves the...\t\t\r\n\t\t<\/div>\r\n\t<\/div>\r\n<\/div><\/article><article class=\"tstk-ele tstk-ele-blog tstk-blog-style-1 col-md-4 uncategorized tstk-term-1 tstk-even tstk-col-even\"><div class=\"post-item\">\r\n\t<div class=\"tstk-featured-container\">\t\t\r\n\t\t<div class=\"tstk-featured-wrapper\"><a href=\"https:\/\/personal-aus-osteuropa.de\/en\/2025\/03\/26\/the-welder-as-a-profession\/\"><img loading=\"lazy\" decoding=\"async\" width=\"770\" height=\"550\" src=\"https:\/\/personal-aus-osteuropa.de\/wp-content\/uploads\/2025\/03\/iStock-1124329093-770x550.jpg\" class=\"attachment-tstk-img-770x550 size-tstk-img-770x550 wp-post-image\" alt=\"welder profession\" srcset=\"https:\/\/personal-aus-osteuropa.de\/wp-content\/uploads\/2025\/03\/iStock-1124329093-770x550.jpg 770w, https:\/\/personal-aus-osteuropa.de\/wp-content\/uploads\/2025\/03\/iStock-1124329093-16x12.jpg 16w\" sizes=\"(max-width: 770px) 100vw, 770px\" \/><\/a><\/div>\t\r\n\t\t<div class=\"tstk-meta-date-wrapper\">\t\t\t\t\t\r\n\t\t\t<span>26 Mar 2025<\/span> \r\n\t\t<\/div>\t\t\r\n\t<\/div>\r\n\t<div class=\"themestek-box-content\">\t\r\n\t\t<div class=\"tstk-meta-container\">\r\n\t\t\t<div class=\"tstk-meta-author-wrapper tstk-meta-line\">\t\t\t\t\t\r\n\t\t\t\t<a href=\"https:\/\/personal-aus-osteuropa.de\/en\/author\/markus\/\" title=\"Posted editorial office\" rel=\"author\"> editorial staff<\/a>\r\n\t\t\t<\/div>\t\r\n\t\t\t<div class=\"tstk-meta-comment-wrapper tstk-meta-line\">\t\t\t\t\t\r\n\t\t\t\t<div class=\"tstk-meta-category\">\r\n\t\t\t\t\t\t\r\n\t\t\t\t<\/div>\t\r\n\t\t\t<\/div> \r\n\t\t<\/div>\r\n\t\t<h3 class=\"tstk-post-title\"><a href=\"https:\/\/personal-aus-osteuropa.de\/en\/2025\/03\/26\/the-welder-as-a-profession\/\">Welder \u2013 Job Profile and Career Overview<\/a><\/h3>\r\n\t\t<div class=\"themestek-box-desc\">\r\n\t\t\tThe welder as a profession Even today in the...\t\t\r\n\t\t<\/div>\r\n\t<\/div>\r\n<\/div><\/article><article class=\"tstk-ele tstk-ele-blog tstk-blog-style-1 col-md-4 managements tstk-term-109 tstk-odd tstk-col-even\"><div class=\"post-item\">\r\n\t<div class=\"tstk-featured-container\">\t\t\r\n\t\t<div class=\"tstk-featured-wrapper\"><a href=\"https:\/\/personal-aus-osteuropa.de\/en\/2025\/03\/19\/data-protection-in-the-company-what-measures-employers-must-take\/\"><img loading=\"lazy\" decoding=\"async\" width=\"724\" height=\"483\" src=\"https:\/\/personal-aus-osteuropa.de\/wp-content\/uploads\/2025\/03\/iStock-1453891703.jpg\" class=\"attachment-tstk-img-770x550 size-tstk-img-770x550 wp-post-image\" alt=\"data protection\" srcset=\"https:\/\/personal-aus-osteuropa.de\/wp-content\/uploads\/2025\/03\/iStock-1453891703.jpg 724w, https:\/\/personal-aus-osteuropa.de\/wp-content\/uploads\/2025\/03\/iStock-1453891703-300x200.jpg 300w, https:\/\/personal-aus-osteuropa.de\/wp-content\/uploads\/2025\/03\/iStock-1453891703-18x12.jpg 18w\" sizes=\"(max-width: 724px) 100vw, 724px\" \/><\/a><\/div>\t\r\n\t\t<div class=\"tstk-meta-date-wrapper\">\t\t\t\t\t\r\n\t\t\t<span>19 Mar 2025<\/span> \r\n\t\t<\/div>\t\t\r\n\t<\/div>\r\n\t<div class=\"themestek-box-content\">\t\r\n\t\t<div class=\"tstk-meta-container\">\r\n\t\t\t<div class=\"tstk-meta-author-wrapper tstk-meta-line\">\t\t\t\t\t\r\n\t\t\t\t<a href=\"https:\/\/personal-aus-osteuropa.de\/en\/author\/markus\/\" title=\"Posted editorial office\" rel=\"author\"> editorial staff<\/a>\r\n\t\t\t<\/div>\t\r\n\t\t\t<div class=\"tstk-meta-comment-wrapper tstk-meta-line\">\t\t\t\t\t\r\n\t\t\t\t<div class=\"tstk-meta-category\">\r\n\t\t\t\t\t\t\r\n\t\t\t\t<\/div>\t\r\n\t\t\t<\/div> \r\n\t\t<\/div>\r\n\t\t<h3 class=\"tstk-post-title\"><a href=\"https:\/\/personal-aus-osteuropa.de\/en\/2025\/03\/19\/data-protection-in-the-company-what-measures-employers-must-take\/\">Data Protection in the Workplace \u2013 Employer Obligations<\/a><\/h3>\r\n\t\t<div class=\"themestek-box-desc\">\r\n\t\t\tData protection in the company: What measures employers need to take Companies...\t\t\r\n\t\t<\/div>\r\n\t<\/div>\r\n<\/div><\/article><article class=\"tstk-ele tstk-ele-blog tstk-blog-style-1 col-md-4 schweissen tstk-term-215 tstk-even tstk-col-even\"><div class=\"post-item\">\r\n\t<div class=\"tstk-featured-container\">\t\t\r\n\t\t<div class=\"tstk-featured-wrapper\"><a href=\"https:\/\/personal-aus-osteuropa.de\/en\/2025\/03\/17\/the-welder-and-his-certificate\/\"><img loading=\"lazy\" decoding=\"async\" width=\"724\" height=\"483\" src=\"https:\/\/personal-aus-osteuropa.de\/wp-content\/uploads\/2025\/03\/iStock-2154601567.jpg\" class=\"attachment-tstk-img-770x550 size-tstk-img-770x550 wp-post-image\" alt=\"welder certificate\" srcset=\"https:\/\/personal-aus-osteuropa.de\/wp-content\/uploads\/2025\/03\/iStock-2154601567.jpg 724w, https:\/\/personal-aus-osteuropa.de\/wp-content\/uploads\/2025\/03\/iStock-2154601567-300x200.jpg 300w, https:\/\/personal-aus-osteuropa.de\/wp-content\/uploads\/2025\/03\/iStock-2154601567-18x12.jpg 18w\" sizes=\"(max-width: 724px) 100vw, 724px\" \/><\/a><\/div>\t\r\n\t\t<div class=\"tstk-meta-date-wrapper\">\t\t\t\t\t\r\n\t\t\t<span>17 Mar 2025<\/span> \r\n\t\t<\/div>\t\t\r\n\t<\/div>\r\n\t<div class=\"themestek-box-content\">\t\r\n\t\t<div class=\"tstk-meta-container\">\r\n\t\t\t<div class=\"tstk-meta-author-wrapper tstk-meta-line\">\t\t\t\t\t\r\n\t\t\t\t<a href=\"https:\/\/personal-aus-osteuropa.de\/en\/author\/markus\/\" title=\"Posted editorial office\" rel=\"author\"> editorial staff<\/a>\r\n\t\t\t<\/div>\t\r\n\t\t\t<div class=\"tstk-meta-comment-wrapper tstk-meta-line\">\t\t\t\t\t\r\n\t\t\t\t<div class=\"tstk-meta-category\">\r\n\t\t\t\t\t\t\r\n\t\t\t\t<\/div>\t\r\n\t\t\t<\/div> \r\n\t\t<\/div>\r\n\t\t<h3 class=\"tstk-post-title\"><a href=\"https:\/\/personal-aus-osteuropa.de\/en\/2025\/03\/17\/the-welder-and-his-certificate\/\">The welder - certificate &amp; examination<\/a><\/h3>\r\n\t\t<div class=\"themestek-box-desc\">\r\n\t\t\tThe welder: his certificate &amp; welder's examination A welder to...\t\t\r\n\t\t<\/div>\r\n\t<\/div>\r\n<\/div><\/article><article class=\"tstk-ele tstk-ele-blog tstk-blog-style-1 col-md-4 uncategorized tstk-term-1 tstk-odd tstk-col-odd\"><div class=\"post-item\">\r\n\t<div class=\"tstk-featured-container\">\t\t\r\n\t\t<div class=\"tstk-featured-wrapper\"><a href=\"https:\/\/personal-aus-osteuropa.de\/en\/2025\/03\/12\/driving-licence-for-ground-vehicles-this-must-be-observed\/\"><img loading=\"lazy\" decoding=\"async\" width=\"770\" height=\"550\" src=\"https:\/\/personal-aus-osteuropa.de\/wp-content\/uploads\/2025\/03\/pexels-acecranesindia-29480713-1-770x550.jpg\" class=\"attachment-tstk-img-770x550 size-tstk-img-770x550 wp-post-image\" alt=\"\" srcset=\"https:\/\/personal-aus-osteuropa.de\/wp-content\/uploads\/2025\/03\/pexels-acecranesindia-29480713-1-770x550.jpg 770w, https:\/\/personal-aus-osteuropa.de\/wp-content\/uploads\/2025\/03\/pexels-acecranesindia-29480713-1-18x12.jpg 18w\" sizes=\"(max-width: 770px) 100vw, 770px\" \/><\/a><\/div>\t\r\n\t\t<div class=\"tstk-meta-date-wrapper\">\t\t\t\t\t\r\n\t\t\t<span>12 Mar 2025<\/span> \r\n\t\t<\/div>\t\t\r\n\t<\/div>\r\n\t<div class=\"themestek-box-content\">\t\r\n\t\t<div class=\"tstk-meta-container\">\r\n\t\t\t<div class=\"tstk-meta-author-wrapper tstk-meta-line\">\t\t\t\t\t\r\n\t\t\t\t<a href=\"https:\/\/personal-aus-osteuropa.de\/en\/author\/markus\/\" title=\"Posted editorial office\" rel=\"author\"> editorial staff<\/a>\r\n\t\t\t<\/div>\t\r\n\t\t\t<div class=\"tstk-meta-comment-wrapper tstk-meta-line\">\t\t\t\t\t\r\n\t\t\t\t<div class=\"tstk-meta-category\">\r\n\t\t\t\t\t\t\r\n\t\t\t\t<\/div>\t\r\n\t\t\t<\/div> \r\n\t\t<\/div>\r\n\t\t<h3 class=\"tstk-post-title\"><a href=\"https:\/\/personal-aus-osteuropa.de\/en\/2025\/03\/12\/driving-licence-for-ground-vehicles-this-must-be-observed\/\">Industrial Truck Licence (FFZ) \u2013 What You Need to Know<\/a><\/h3>\r\n\t\t<div class=\"themestek-box-desc\">\r\n\t\t\tDriving licence for industrial trucks (FFZ) - this must be observed...\t\t\r\n\t\t<\/div>\r\n\t<\/div>\r\n<\/div><\/article><article class=\"tstk-ele tstk-ele-blog tstk-blog-style-1 col-md-4 subunternehmen tstk-term-101 tstk-even tstk-col-odd\"><div class=\"post-item\">\r\n\t<div class=\"tstk-featured-container\">\t\t\r\n\t\t<div class=\"tstk-featured-wrapper\"><a href=\"https:\/\/personal-aus-osteuropa.de\/en\/2025\/02\/28\/working-with-subcontractors-what-you-need-to-consider-legally\/\"><img loading=\"lazy\" decoding=\"async\" width=\"770\" height=\"550\" src=\"https:\/\/personal-aus-osteuropa.de\/wp-content\/uploads\/2025\/02\/iStock-1902009659-770x550.jpg\" class=\"attachment-tstk-img-770x550 size-tstk-img-770x550 wp-post-image\" alt=\"cooperation with subcontractors\" srcset=\"https:\/\/personal-aus-osteuropa.de\/wp-content\/uploads\/2025\/02\/iStock-1902009659-770x550.jpg 770w, https:\/\/personal-aus-osteuropa.de\/wp-content\/uploads\/2025\/02\/iStock-1902009659-18x12.jpg 18w\" sizes=\"(max-width: 770px) 100vw, 770px\" \/><\/a><\/div>\t\r\n\t\t<div class=\"tstk-meta-date-wrapper\">\t\t\t\t\t\r\n\t\t\t<span>28 Feb 2025<\/span> \r\n\t\t<\/div>\t\t\r\n\t<\/div>\r\n\t<div class=\"themestek-box-content\">\t\r\n\t\t<div class=\"tstk-meta-container\">\r\n\t\t\t<div class=\"tstk-meta-author-wrapper tstk-meta-line\">\t\t\t\t\t\r\n\t\t\t\t<a href=\"https:\/\/personal-aus-osteuropa.de\/en\/author\/markus\/\" title=\"Posted editorial office\" rel=\"author\"> editorial staff<\/a>\r\n\t\t\t<\/div>\t\r\n\t\t\t<div class=\"tstk-meta-comment-wrapper tstk-meta-line\">\t\t\t\t\t\r\n\t\t\t\t<div class=\"tstk-meta-category\">\r\n\t\t\t\t\t\t\r\n\t\t\t\t<\/div>\t\r\n\t\t\t<\/div> \r\n\t\t<\/div>\r\n\t\t<h3 class=\"tstk-post-title\"><a href=\"https:\/\/personal-aus-osteuropa.de\/en\/2025\/02\/28\/working-with-subcontractors-what-you-need-to-consider-legally\/\">Working with subcontractors: What you need to consider legally<\/a><\/h3>\r\n\t\t<div class=\"themestek-box-desc\">\r\n\t\t\tWorking with subcontractors: What you need to consider legally Not...\t\t\r\n\t\t<\/div>\r\n\t<\/div>\r\n<\/div><\/article><article class=\"tstk-ele tstk-ele-blog tstk-blog-style-1 col-md-4 vertraege tstk-term-104 tstk-odd tstk-col-odd\"><div class=\"post-item\">\r\n\t<div class=\"tstk-featured-container\">\t\t\r\n\t\t<div class=\"tstk-featured-wrapper\"><a href=\"https:\/\/personal-aus-osteuropa.de\/en\/2025\/02\/24\/distinction-between-contracts-for-work-and-services-and-contracts-for-the-supply-of-labour\/\"><img loading=\"lazy\" decoding=\"async\" width=\"770\" height=\"550\" src=\"https:\/\/personal-aus-osteuropa.de\/wp-content\/uploads\/2025\/02\/iStock-2192235563-770x550.jpg\" class=\"attachment-tstk-img-770x550 size-tstk-img-770x550 wp-post-image\" alt=\"work contract service contract\" srcset=\"https:\/\/personal-aus-osteuropa.de\/wp-content\/uploads\/2025\/02\/iStock-2192235563-770x550.jpg 770w, https:\/\/personal-aus-osteuropa.de\/wp-content\/uploads\/2025\/02\/iStock-2192235563-18x12.jpg 18w\" sizes=\"(max-width: 770px) 100vw, 770px\" \/><\/a><\/div>\t\r\n\t\t<div class=\"tstk-meta-date-wrapper\">\t\t\t\t\t\r\n\t\t\t<span>24 Feb 2025<\/span> \r\n\t\t<\/div>\t\t\r\n\t<\/div>\r\n\t<div class=\"themestek-box-content\">\t\r\n\t\t<div class=\"tstk-meta-container\">\r\n\t\t\t<div class=\"tstk-meta-author-wrapper tstk-meta-line\">\t\t\t\t\t\r\n\t\t\t\t<a href=\"https:\/\/personal-aus-osteuropa.de\/en\/author\/markus\/\" title=\"Posted editorial office\" rel=\"author\"> editorial staff<\/a>\r\n\t\t\t<\/div>\t\r\n\t\t\t<div class=\"tstk-meta-comment-wrapper tstk-meta-line\">\t\t\t\t\t\r\n\t\t\t\t<div class=\"tstk-meta-category\">\r\n\t\t\t\t\t\t\r\n\t\t\t\t<\/div>\t\r\n\t\t\t<\/div> \r\n\t\t<\/div>\r\n\t\t<h3 class=\"tstk-post-title\"><a href=\"https:\/\/personal-aus-osteuropa.de\/en\/2025\/02\/24\/distinction-between-contracts-for-work-and-services-and-contracts-for-the-supply-of-labour\/\">Work contract, service contract and temporary employment<\/a><\/h3>\r\n\t\t<div class=\"themestek-box-desc\">\r\n\t\t\tDifferentiation between contracts for work and labour, service contracts and temporary employment In the German contract...\t\t\r\n\t\t<\/div>\r\n\t<\/div>\r\n<\/div><\/article><article class=\"tstk-ele tstk-ele-blog tstk-blog-style-1 col-md-4 schiffssanierung tstk-term-216 tstk-even tstk-col-even\"><div class=\"post-item\">\r\n\t<div class=\"tstk-featured-container\">\t\t\r\n\t\t<div class=\"tstk-featured-wrapper\"><a href=\"https:\/\/personal-aus-osteuropa.de\/en\/2025\/02\/19\/shipbuilding-ship-repair-work-personnel\/\"><img loading=\"lazy\" decoding=\"async\" width=\"770\" height=\"550\" src=\"https:\/\/personal-aus-osteuropa.de\/wp-content\/uploads\/2025\/02\/iStock-472078369-770x550.jpg\" class=\"attachment-tstk-img-770x550 size-tstk-img-770x550 wp-post-image\" alt=\"shipbuilding\" srcset=\"https:\/\/personal-aus-osteuropa.de\/wp-content\/uploads\/2025\/02\/iStock-472078369-770x550.jpg 770w, https:\/\/personal-aus-osteuropa.de\/wp-content\/uploads\/2025\/02\/iStock-472078369-18x12.jpg 18w\" sizes=\"(max-width: 770px) 100vw, 770px\" \/><\/a><\/div>\t\r\n\t\t<div class=\"tstk-meta-date-wrapper\">\t\t\t\t\t\r\n\t\t\t<span>19 Feb 2025<\/span> \r\n\t\t<\/div>\t\t\r\n\t<\/div>\r\n\t<div class=\"themestek-box-content\">\t\r\n\t\t<div class=\"tstk-meta-container\">\r\n\t\t\t<div class=\"tstk-meta-author-wrapper tstk-meta-line\">\t\t\t\t\t\r\n\t\t\t\t<a href=\"https:\/\/personal-aus-osteuropa.de\/en\/author\/markus\/\" title=\"Posted editorial office\" rel=\"author\"> editorial staff<\/a>\r\n\t\t\t<\/div>\t\r\n\t\t\t<div class=\"tstk-meta-comment-wrapper tstk-meta-line\">\t\t\t\t\t\r\n\t\t\t\t<div class=\"tstk-meta-category\">\r\n\t\t\t\t\t\t\r\n\t\t\t\t<\/div>\t\r\n\t\t\t<\/div> \r\n\t\t<\/div>\r\n\t\t<h3 class=\"tstk-post-title\"><a href=\"https:\/\/personal-aus-osteuropa.de\/en\/2025\/02\/19\/shipbuilding-ship-repair-work-personnel\/\">Shipbuilding &amp; ship repair - Overview of the work<\/a><\/h3>\r\n\t\t<div class=\"themestek-box-desc\">\r\n\t\t\tShipbuilding &amp; ship repair - Overview of the work The...\t\t\r\n\t\t<\/div>\r\n\t<\/div>\r\n<\/div><\/article><article class=\"tstk-ele tstk-ele-blog tstk-blog-style-1 col-md-4 schiffssanierung tstk-term-216 tstk-odd tstk-col-even\"><div class=\"post-item\">\r\n\t<div class=\"tstk-featured-container\">\t\t\r\n\t\t<div class=\"tstk-featured-wrapper\"><a href=\"https:\/\/personal-aus-osteuropa.de\/en\/2025\/02\/17\/ship-refurbishment-processes-costs-shipyards\/\"><img loading=\"lazy\" decoding=\"async\" width=\"770\" height=\"550\" src=\"https:\/\/personal-aus-osteuropa.de\/wp-content\/uploads\/2025\/02\/pexels-albinberlin-906982-770x550.jpg\" class=\"attachment-tstk-img-770x550 size-tstk-img-770x550 wp-post-image\" alt=\"\" srcset=\"https:\/\/personal-aus-osteuropa.de\/wp-content\/uploads\/2025\/02\/pexels-albinberlin-906982-770x550.jpg 770w, https:\/\/personal-aus-osteuropa.de\/wp-content\/uploads\/2025\/02\/pexels-albinberlin-906982-18x12.jpg 18w\" sizes=\"(max-width: 770px) 100vw, 770px\" \/><\/a><\/div>\t\r\n\t\t<div class=\"tstk-meta-date-wrapper\">\t\t\t\t\t\r\n\t\t\t<span>17 Feb 2025<\/span> \r\n\t\t<\/div>\t\t\r\n\t<\/div>\r\n\t<div class=\"themestek-box-content\">\t\r\n\t\t<div class=\"tstk-meta-container\">\r\n\t\t\t<div class=\"tstk-meta-author-wrapper tstk-meta-line\">\t\t\t\t\t\r\n\t\t\t\t<a href=\"https:\/\/personal-aus-osteuropa.de\/en\/author\/markus\/\" title=\"Posted editorial office\" rel=\"author\"> editorial staff<\/a>\r\n\t\t\t<\/div>\t\r\n\t\t\t<div class=\"tstk-meta-comment-wrapper tstk-meta-line\">\t\t\t\t\t\r\n\t\t\t\t<div class=\"tstk-meta-category\">\r\n\t\t\t\t\t\t\r\n\t\t\t\t<\/div>\t\r\n\t\t\t<\/div> \r\n\t\t<\/div>\r\n\t\t<h3 class=\"tstk-post-title\"><a href=\"https:\/\/personal-aus-osteuropa.de\/en\/2025\/02\/17\/ship-refurbishment-processes-costs-shipyards\/\">Ship refurbishment: important aspects, processes &amp; costs<\/a><\/h3>\r\n\t\t<div class=\"themestek-box-desc\">\r\n\t\t\tShip refurbishment: important aspects, processes &amp; costs Imagine...\t\t\r\n\t\t<\/div>\r\n\t<\/div>\r\n<\/div><\/article><article class=\"tstk-ele tstk-ele-blog tstk-blog-style-1 col-md-4 baugewerbe tstk-term-217 tstk-even tstk-col-even\"><div class=\"post-item\">\r\n\t<div class=\"tstk-featured-container\">\t\t\r\n\t\t<div class=\"tstk-featured-wrapper\"><a href=\"https:\/\/personal-aus-osteuropa.de\/en\/2025\/02\/12\/specification-of-services-in-construction-and-interior-design-definition-content-and-meaning\/\"><img loading=\"lazy\" decoding=\"async\" width=\"770\" height=\"550\" src=\"https:\/\/personal-aus-osteuropa.de\/wp-content\/uploads\/2025\/02\/bricklayer-worker-installing-brick-masonry-exterior-wall-with-trowel-putty-knife-770x550.jpg\" class=\"attachment-tstk-img-770x550 size-tstk-img-770x550 wp-post-image\" alt=\"construction specifications\" srcset=\"https:\/\/personal-aus-osteuropa.de\/wp-content\/uploads\/2025\/02\/bricklayer-worker-installing-brick-masonry-exterior-wall-with-trowel-putty-knife-770x550.jpg 770w, https:\/\/personal-aus-osteuropa.de\/wp-content\/uploads\/2025\/02\/bricklayer-worker-installing-brick-masonry-exterior-wall-with-trowel-putty-knife-18x12.jpg 18w\" sizes=\"(max-width: 770px) 100vw, 770px\" \/><\/a><\/div>\t\r\n\t\t<div class=\"tstk-meta-date-wrapper\">\t\t\t\t\t\r\n\t\t\t<span>12 Feb 2025<\/span> \r\n\t\t<\/div>\t\t\r\n\t<\/div>\r\n\t<div class=\"themestek-box-content\">\t\r\n\t\t<div class=\"tstk-meta-container\">\r\n\t\t\t<div class=\"tstk-meta-author-wrapper tstk-meta-line\">\t\t\t\t\t\r\n\t\t\t\t<a href=\"https:\/\/personal-aus-osteuropa.de\/en\/author\/markus\/\" title=\"Posted editorial office\" rel=\"author\"> editorial staff<\/a>\r\n\t\t\t<\/div>\t\r\n\t\t\t<div class=\"tstk-meta-comment-wrapper tstk-meta-line\">\t\t\t\t\t\r\n\t\t\t\t<div class=\"tstk-meta-category\">\r\n\t\t\t\t\t\t\r\n\t\t\t\t<\/div>\t\r\n\t\t\t<\/div> \r\n\t\t<\/div>\r\n\t\t<h3 class=\"tstk-post-title\"><a href=\"https:\/\/personal-aus-osteuropa.de\/en\/2025\/02\/12\/specification-of-services-in-construction-and-interior-design-definition-content-and-meaning\/\">Bills of quantities in construction and interior design<\/a><\/h3>\r\n\t\t<div class=\"themestek-box-desc\">\r\n\t\t\tSpecifications in construction and interior design: definition, content and meaning...\t\t\r\n\t\t<\/div>\r\n\t<\/div>\r\n<\/div><\/article><article class=\"tstk-ele tstk-ele-blog tstk-blog-style-1 col-md-4 fachkraefte-aus-dem-ausland tstk-term-103 tstk-odd tstk-col-odd\"><div class=\"post-item\">\r\n\t<div class=\"tstk-featured-container\">\t\t\r\n\t\t<div class=\"tstk-featured-wrapper\"><a href=\"https:\/\/personal-aus-osteuropa.de\/en\/2025\/02\/10\/what-are-floor-conveyor-systems-definitions-types-and-areas-of-application\/\"><img loading=\"lazy\" decoding=\"async\" width=\"724\" height=\"483\" src=\"https:\/\/personal-aus-osteuropa.de\/wp-content\/uploads\/2025\/02\/iStock-1374994062-1.jpg\" class=\"attachment-tstk-img-770x550 size-tstk-img-770x550 wp-post-image\" alt=\"industrial trucks\" srcset=\"https:\/\/personal-aus-osteuropa.de\/wp-content\/uploads\/2025\/02\/iStock-1374994062-1.jpg 724w, https:\/\/personal-aus-osteuropa.de\/wp-content\/uploads\/2025\/02\/iStock-1374994062-1-300x200.jpg 300w, https:\/\/personal-aus-osteuropa.de\/wp-content\/uploads\/2025\/02\/iStock-1374994062-1-18x12.jpg 18w\" sizes=\"(max-width: 724px) 100vw, 724px\" \/><\/a><\/div>\t\r\n\t\t<div class=\"tstk-meta-date-wrapper\">\t\t\t\t\t\r\n\t\t\t<span>10 Feb 2025<\/span> \r\n\t\t<\/div>\t\t\r\n\t<\/div>\r\n\t<div class=\"themestek-box-content\">\t\r\n\t\t<div class=\"tstk-meta-container\">\r\n\t\t\t<div class=\"tstk-meta-author-wrapper tstk-meta-line\">\t\t\t\t\t\r\n\t\t\t\t<a href=\"https:\/\/personal-aus-osteuropa.de\/en\/author\/markus\/\" title=\"Posted editorial office\" rel=\"author\"> editorial staff<\/a>\r\n\t\t\t<\/div>\t\r\n\t\t\t<div class=\"tstk-meta-comment-wrapper tstk-meta-line\">\t\t\t\t\t\r\n\t\t\t\t<div class=\"tstk-meta-category\">\r\n\t\t\t\t\t\t\r\n\t\t\t\t<\/div>\t\r\n\t\t\t<\/div> \r\n\t\t<\/div>\r\n\t\t<h3 class=\"tstk-post-title\"><a href=\"https:\/\/personal-aus-osteuropa.de\/en\/2025\/02\/10\/what-are-floor-conveyor-systems-definitions-types-and-areas-of-application\/\">Industrial trucks<\/a><\/h3>\r\n\t\t<div class=\"themestek-box-desc\">\r\n\t\t\tIndustrial trucks - types, areas of application, regulations An industrial truck - what...\t\t\r\n\t\t<\/div>\r\n\t<\/div>\r\n<\/div><\/article><article class=\"tstk-ele tstk-ele-blog tstk-blog-style-1 col-md-4 personaldienstleistungen tstk-term-77 tstk-even tstk-col-odd\"><div class=\"post-item\">\r\n\t<div class=\"tstk-featured-container\">\t\t\r\n\t\t<div class=\"tstk-featured-wrapper\"><a href=\"https:\/\/personal-aus-osteuropa.de\/en\/2025\/01\/31\/complaints-office-in-the-company-is-a-legal-obligation\/\"><img loading=\"lazy\" decoding=\"async\" width=\"770\" height=\"550\" src=\"https:\/\/personal-aus-osteuropa.de\/wp-content\/uploads\/2025\/01\/iStock-1092087548-770x550.jpg\" class=\"attachment-tstk-img-770x550 size-tstk-img-770x550 wp-post-image\" alt=\"Complaints centre in the company\" srcset=\"https:\/\/personal-aus-osteuropa.de\/wp-content\/uploads\/2025\/01\/iStock-1092087548-770x550.jpg 770w, https:\/\/personal-aus-osteuropa.de\/wp-content\/uploads\/2025\/01\/iStock-1092087548-18x12.jpg 18w\" sizes=\"(max-width: 770px) 100vw, 770px\" \/><\/a><\/div>\t\r\n\t\t<div class=\"tstk-meta-date-wrapper\">\t\t\t\t\t\r\n\t\t\t<span>31 Jan 2025<\/span> \r\n\t\t<\/div>\t\t\r\n\t<\/div>\r\n\t<div class=\"themestek-box-content\">\t\r\n\t\t<div class=\"tstk-meta-container\">\r\n\t\t\t<div class=\"tstk-meta-author-wrapper tstk-meta-line\">\t\t\t\t\t\r\n\t\t\t\t<a href=\"https:\/\/personal-aus-osteuropa.de\/en\/author\/markus\/\" title=\"Posted editorial office\" rel=\"author\"> editorial staff<\/a>\r\n\t\t\t<\/div>\t\r\n\t\t\t<div class=\"tstk-meta-comment-wrapper tstk-meta-line\">\t\t\t\t\t\r\n\t\t\t\t<div class=\"tstk-meta-category\">\r\n\t\t\t\t\t\t\r\n\t\t\t\t<\/div>\t\r\n\t\t\t<\/div> \r\n\t\t<\/div>\r\n\t\t<h3 class=\"tstk-post-title\"><a href=\"https:\/\/personal-aus-osteuropa.de\/en\/2025\/01\/31\/complaints-office-in-the-company-is-a-legal-obligation\/\">Complaints office in the company<\/a><\/h3>\r\n\t\t<div class=\"themestek-box-desc\">\r\n\t\t\tComplaints office in the company Companies in Germany are legally obliged to...\t\t\r\n\t\t<\/div>\r\n\t<\/div>\r\n<\/div><\/article><article class=\"tstk-ele tstk-ele-blog tstk-blog-style-1 col-md-4 zeitarbeit-industrie tstk-term-94 tstk-odd tstk-col-odd\"><div class=\"post-item\">\r\n\t<div class=\"tstk-featured-container\">\t\t\r\n\t\t<div class=\"tstk-featured-wrapper\"><a href=\"https:\/\/personal-aus-osteuropa.de\/en\/2025\/01\/24\/introduction-to-the-a1-certificate-definition-purpose-and-legal-basis\/\"><img loading=\"lazy\" decoding=\"async\" width=\"770\" height=\"550\" src=\"https:\/\/personal-aus-osteuropa.de\/wp-content\/uploads\/2025\/01\/pexels-pavel-danilyuk-8111865-770x550.jpg\" class=\"attachment-tstk-img-770x550 size-tstk-img-770x550 wp-post-image\" alt=\"a1 certificate\" srcset=\"https:\/\/personal-aus-osteuropa.de\/wp-content\/uploads\/2025\/01\/pexels-pavel-danilyuk-8111865-770x550.jpg 770w, https:\/\/personal-aus-osteuropa.de\/wp-content\/uploads\/2025\/01\/pexels-pavel-danilyuk-8111865-18x12.jpg 18w\" sizes=\"(max-width: 770px) 100vw, 770px\" \/><\/a><\/div>\t\r\n\t\t<div class=\"tstk-meta-date-wrapper\">\t\t\t\t\t\r\n\t\t\t<span>24 Jan 2025<\/span> \r\n\t\t<\/div>\t\t\r\n\t<\/div>\r\n\t<div class=\"themestek-box-content\">\t\r\n\t\t<div class=\"tstk-meta-container\">\r\n\t\t\t<div class=\"tstk-meta-author-wrapper tstk-meta-line\">\t\t\t\t\t\r\n\t\t\t\t<a href=\"https:\/\/personal-aus-osteuropa.de\/en\/author\/markus\/\" title=\"Posted editorial office\" rel=\"author\"> editorial staff<\/a>\r\n\t\t\t<\/div>\t\r\n\t\t\t<div class=\"tstk-meta-comment-wrapper tstk-meta-line\">\t\t\t\t\t\r\n\t\t\t\t<div class=\"tstk-meta-category\">\r\n\t\t\t\t\t\t\r\n\t\t\t\t<\/div>\t\r\n\t\t\t<\/div> \r\n\t\t<\/div>\r\n\t\t<h3 class=\"tstk-post-title\"><a href=\"https:\/\/personal-aus-osteuropa.de\/en\/2025\/01\/24\/introduction-to-the-a1-certificate-definition-purpose-and-legal-basis\/\">A1 certificate: legal basis<\/a><\/h3>\r\n\t\t<div class=\"themestek-box-desc\">\r\n\t\t\tA1 certificate: legal basis It has long since ceased to be...\t\t\r\n\t\t<\/div>\r\n\t<\/div>\r\n<\/div><\/article><article class=\"tstk-ele tstk-ele-blog tstk-blog-style-1 col-md-4 fachkraefte-aus-dem-ausland tstk-term-103 tstk-even tstk-col-even\"><div class=\"post-item\">\r\n\t<div class=\"tstk-featured-container\">\t\t\r\n\t\t<div class=\"tstk-featured-wrapper\"><a href=\"https:\/\/personal-aus-osteuropa.de\/en\/2025\/01\/23\/skilled-labour-immigration-act\/\"><img loading=\"lazy\" decoding=\"async\" width=\"770\" height=\"550\" src=\"https:\/\/personal-aus-osteuropa.de\/wp-content\/uploads\/2025\/01\/pexels-n-voitkevich-7235894-770x550.jpg\" class=\"attachment-tstk-img-770x550 size-tstk-img-770x550 wp-post-image\" alt=\"\" srcset=\"https:\/\/personal-aus-osteuropa.de\/wp-content\/uploads\/2025\/01\/pexels-n-voitkevich-7235894-770x550.jpg 770w, https:\/\/personal-aus-osteuropa.de\/wp-content\/uploads\/2025\/01\/pexels-n-voitkevich-7235894-18x12.jpg 18w\" sizes=\"(max-width: 770px) 100vw, 770px\" \/><\/a><\/div>\t\r\n\t\t<div class=\"tstk-meta-date-wrapper\">\t\t\t\t\t\r\n\t\t\t<span>23 Jan 2025<\/span> \r\n\t\t<\/div>\t\t\r\n\t<\/div>\r\n\t<div class=\"themestek-box-content\">\t\r\n\t\t<div class=\"tstk-meta-container\">\r\n\t\t\t<div class=\"tstk-meta-author-wrapper tstk-meta-line\">\t\t\t\t\t\r\n\t\t\t\t<a href=\"https:\/\/personal-aus-osteuropa.de\/en\/author\/markus\/\" title=\"Posted editorial office\" rel=\"author\"> editorial staff<\/a>\r\n\t\t\t<\/div>\t\r\n\t\t\t<div class=\"tstk-meta-comment-wrapper tstk-meta-line\">\t\t\t\t\t\r\n\t\t\t\t<div class=\"tstk-meta-category\">\r\n\t\t\t\t\t\t\r\n\t\t\t\t<\/div>\t\r\n\t\t\t<\/div> \r\n\t\t<\/div>\r\n\t\t<h3 class=\"tstk-post-title\"><a href=\"https:\/\/personal-aus-osteuropa.de\/en\/2025\/01\/23\/skilled-labour-immigration-act\/\">Skilled Labour Immigration Act<\/a><\/h3>\r\n\t\t<div class=\"themestek-box-desc\">\r\n\t\t\tSkilled Immigration Act: Opportunities and challenges for the German labour market It...\t\t\r\n\t\t<\/div>\r\n\t<\/div>\r\n<\/div><\/article><article class=\"tstk-ele tstk-ele-blog tstk-blog-style-1 col-md-4 schweissen tstk-term-215 tstk-odd tstk-col-even\"><div class=\"post-item\">\r\n\t<div class=\"tstk-featured-container\">\t\t\r\n\t\t<div class=\"tstk-featured-wrapper\"><a href=\"https:\/\/personal-aus-osteuropa.de\/en\/2025\/01\/21\/ultrasonic-welding\/\"><img loading=\"lazy\" decoding=\"async\" width=\"770\" height=\"550\" src=\"https:\/\/personal-aus-osteuropa.de\/wp-content\/uploads\/2025\/01\/iStock-1266385480-770x550.jpg\" class=\"attachment-tstk-img-770x550 size-tstk-img-770x550 wp-post-image\" alt=\"Welding process\" srcset=\"https:\/\/personal-aus-osteuropa.de\/wp-content\/uploads\/2025\/01\/iStock-1266385480-770x550.jpg 770w, https:\/\/personal-aus-osteuropa.de\/wp-content\/uploads\/2025\/01\/iStock-1266385480-18x12.jpg 18w\" sizes=\"(max-width: 770px) 100vw, 770px\" \/><\/a><\/div>\t\r\n\t\t<div class=\"tstk-meta-date-wrapper\">\t\t\t\t\t\r\n\t\t\t<span>21 Jan 2025<\/span> \r\n\t\t<\/div>\t\t\r\n\t<\/div>\r\n\t<div class=\"themestek-box-content\">\t\r\n\t\t<div class=\"tstk-meta-container\">\r\n\t\t\t<div class=\"tstk-meta-author-wrapper tstk-meta-line\">\t\t\t\t\t\r\n\t\t\t\t<a href=\"https:\/\/personal-aus-osteuropa.de\/en\/author\/markus\/\" title=\"Posted editorial office\" rel=\"author\"> editorial staff<\/a>\r\n\t\t\t<\/div>\t\r\n\t\t\t<div class=\"tstk-meta-comment-wrapper tstk-meta-line\">\t\t\t\t\t\r\n\t\t\t\t<div class=\"tstk-meta-category\">\r\n\t\t\t\t\t\t\r\n\t\t\t\t<\/div>\t\r\n\t\t\t<\/div> \r\n\t\t<\/div>\r\n\t\t<h3 class=\"tstk-post-title\"><a href=\"https:\/\/personal-aus-osteuropa.de\/en\/2025\/01\/21\/ultrasonic-welding\/\">Ultrasonic welding<\/a><\/h3>\r\n\t\t<div class=\"themestek-box-desc\">\r\n\t\t\tWhat is ultrasonic welding? Ultrasonic welding is a process used to weld...\t\t\r\n\t\t<\/div>\r\n\t<\/div>\r\n<\/div><\/article><article class=\"tstk-ele tstk-ele-blog tstk-blog-style-1 col-md-4 uncategorized tstk-term-1 tstk-even tstk-col-even\"><div class=\"post-item\">\r\n\t<div class=\"tstk-featured-container\">\t\t\r\n\t\t<div class=\"tstk-featured-wrapper\"><a href=\"https:\/\/personal-aus-osteuropa.de\/en\/2025\/01\/21\/friction-stir-welding\/\"><img loading=\"lazy\" decoding=\"async\" width=\"770\" height=\"550\" src=\"https:\/\/personal-aus-osteuropa.de\/wp-content\/uploads\/2025\/01\/iStock-1161683018-770x550.jpg\" class=\"attachment-tstk-img-770x550 size-tstk-img-770x550 wp-post-image\" alt=\"sheet metal welding welding process\" srcset=\"https:\/\/personal-aus-osteuropa.de\/wp-content\/uploads\/2025\/01\/iStock-1161683018-770x550.jpg 770w, https:\/\/personal-aus-osteuropa.de\/wp-content\/uploads\/2025\/01\/iStock-1161683018-18x12.jpg 18w\" sizes=\"(max-width: 770px) 100vw, 770px\" \/><\/a><\/div>\t\r\n\t\t<div class=\"tstk-meta-date-wrapper\">\t\t\t\t\t\r\n\t\t\t<span>21 Jan 2025<\/span> \r\n\t\t<\/div>\t\t\r\n\t<\/div>\r\n\t<div class=\"themestek-box-content\">\t\r\n\t\t<div class=\"tstk-meta-container\">\r\n\t\t\t<div class=\"tstk-meta-author-wrapper tstk-meta-line\">\t\t\t\t\t\r\n\t\t\t\t<a href=\"https:\/\/personal-aus-osteuropa.de\/en\/author\/markus\/\" title=\"Posted editorial office\" rel=\"author\"> editorial staff<\/a>\r\n\t\t\t<\/div>\t\r\n\t\t\t<div class=\"tstk-meta-comment-wrapper tstk-meta-line\">\t\t\t\t\t\r\n\t\t\t\t<div class=\"tstk-meta-category\">\r\n\t\t\t\t\t\t\r\n\t\t\t\t<\/div>\t\r\n\t\t\t<\/div> \r\n\t\t<\/div>\r\n\t\t<h3 class=\"tstk-post-title\"><a href=\"https:\/\/personal-aus-osteuropa.de\/en\/2025\/01\/21\/friction-stir-welding\/\">What is friction stir welding?<\/a><\/h3>\r\n\t\t<div class=\"themestek-box-desc\">\r\n\t\t\tFriction stir welding Friction stir welding, also known as FSW for friction...\t\t\r\n\t\t<\/div>\r\n\t<\/div>\r\n<\/div><\/article><article class=\"tstk-ele tstk-ele-blog tstk-blog-style-1 col-md-4 schweissen tstk-term-215 tstk-odd tstk-col-odd\"><div class=\"post-item\">\r\n\t<div class=\"tstk-featured-container\">\t\t\r\n\t\t<div class=\"tstk-featured-wrapper\"><a href=\"https:\/\/personal-aus-osteuropa.de\/en\/2025\/01\/21\/gas-metal-arc-welding-mig\/\"><img loading=\"lazy\" decoding=\"async\" width=\"770\" height=\"550\" src=\"https:\/\/personal-aus-osteuropa.de\/wp-content\/uploads\/2025\/01\/iStock-488539284-770x550.jpg\" class=\"attachment-tstk-img-770x550 size-tstk-img-770x550 wp-post-image\" alt=\"What is gas metal arc welding (GMAW)?\" srcset=\"https:\/\/personal-aus-osteuropa.de\/wp-content\/uploads\/2025\/01\/iStock-488539284-770x550.jpg 770w, https:\/\/personal-aus-osteuropa.de\/wp-content\/uploads\/2025\/01\/iStock-488539284-18x12.jpg 18w\" sizes=\"(max-width: 770px) 100vw, 770px\" \/><\/a><\/div>\t\r\n\t\t<div class=\"tstk-meta-date-wrapper\">\t\t\t\t\t\r\n\t\t\t<span>21 Jan 2025<\/span> \r\n\t\t<\/div>\t\t\r\n\t<\/div>\r\n\t<div class=\"themestek-box-content\">\t\r\n\t\t<div class=\"tstk-meta-container\">\r\n\t\t\t<div class=\"tstk-meta-author-wrapper tstk-meta-line\">\t\t\t\t\t\r\n\t\t\t\t<a href=\"https:\/\/personal-aus-osteuropa.de\/en\/author\/markus\/\" title=\"Posted editorial office\" rel=\"author\"> editorial staff<\/a>\r\n\t\t\t<\/div>\t\r\n\t\t\t<div class=\"tstk-meta-comment-wrapper tstk-meta-line\">\t\t\t\t\t\r\n\t\t\t\t<div class=\"tstk-meta-category\">\r\n\t\t\t\t\t\t\r\n\t\t\t\t<\/div>\t\r\n\t\t\t<\/div> \r\n\t\t<\/div>\r\n\t\t<h3 class=\"tstk-post-title\"><a href=\"https:\/\/personal-aus-osteuropa.de\/en\/2025\/01\/21\/gas-metal-arc-welding-mig\/\">Gas metal arc welding<\/a><\/h3>\r\n\t\t<div class=\"themestek-box-desc\">\r\n\t\t\tGas metal arc welding (GMAW) Gas metal arc welding, or GMAW for short, is one of the...\t\t\r\n\t\t<\/div>\r\n\t<\/div>\r\n<\/div><\/article><article class=\"tstk-ele tstk-ele-blog tstk-blog-style-1 col-md-4 schweissen tstk-term-215 tstk-even tstk-col-odd\"><div class=\"post-item\">\r\n\t<div class=\"tstk-featured-container\">\t\t\r\n\t\t<div class=\"tstk-featured-wrapper\"><a href=\"https:\/\/personal-aus-osteuropa.de\/en\/2025\/01\/21\/laser-beam-welding\/\"><img loading=\"lazy\" decoding=\"async\" width=\"770\" height=\"550\" src=\"https:\/\/personal-aus-osteuropa.de\/wp-content\/uploads\/2025\/01\/getty-images-K-s270jAfn0-unsplash-770x550.jpg\" class=\"attachment-tstk-img-770x550 size-tstk-img-770x550 wp-post-image\" alt=\"\" srcset=\"https:\/\/personal-aus-osteuropa.de\/wp-content\/uploads\/2025\/01\/getty-images-K-s270jAfn0-unsplash-770x550.jpg 770w, https:\/\/personal-aus-osteuropa.de\/wp-content\/uploads\/2025\/01\/getty-images-K-s270jAfn0-unsplash-18x12.jpg 18w\" sizes=\"(max-width: 770px) 100vw, 770px\" \/><\/a><\/div>\t\r\n\t\t<div class=\"tstk-meta-date-wrapper\">\t\t\t\t\t\r\n\t\t\t<span>21 Jan 2025<\/span> \r\n\t\t<\/div>\t\t\r\n\t<\/div>\r\n\t<div class=\"themestek-box-content\">\t\r\n\t\t<div class=\"tstk-meta-container\">\r\n\t\t\t<div class=\"tstk-meta-author-wrapper tstk-meta-line\">\t\t\t\t\t\r\n\t\t\t\t<a href=\"https:\/\/personal-aus-osteuropa.de\/en\/author\/markus\/\" title=\"Posted editorial office\" rel=\"author\"> editorial staff<\/a>\r\n\t\t\t<\/div>\t\r\n\t\t\t<div class=\"tstk-meta-comment-wrapper tstk-meta-line\">\t\t\t\t\t\r\n\t\t\t\t<div class=\"tstk-meta-category\">\r\n\t\t\t\t\t\t\r\n\t\t\t\t<\/div>\t\r\n\t\t\t<\/div> \r\n\t\t<\/div>\r\n\t\t<h3 class=\"tstk-post-title\"><a href=\"https:\/\/personal-aus-osteuropa.de\/en\/2025\/01\/21\/laser-beam-welding\/\">Laser beam welding<\/a><\/h3>\r\n\t\t<div class=\"themestek-box-desc\">\r\n\t\t\tLaser beam welding Laser beam welding allows the precise focussing of the laser beam...\t\t\r\n\t\t<\/div>\r\n\t<\/div>\r\n<\/div><\/article><article class=\"tstk-ele tstk-ele-blog tstk-blog-style-1 col-md-4 personalvermittlung tstk-term-85 tstk-odd tstk-col-odd\"><div class=\"post-item\">\r\n\t<div class=\"tstk-featured-container\">\t\t\r\n\t\t<div class=\"tstk-featured-wrapper\"><a href=\"https:\/\/personal-aus-osteuropa.de\/en\/2025\/01\/20\/calculate-tradesman-costs-and-save\/\"><img loading=\"lazy\" decoding=\"async\" width=\"770\" height=\"550\" src=\"https:\/\/personal-aus-osteuropa.de\/wp-content\/uploads\/2025\/01\/iStock-2169196050-770x550.jpg\" class=\"attachment-tstk-img-770x550 size-tstk-img-770x550 wp-post-image\" alt=\"craftsman costs\" srcset=\"https:\/\/personal-aus-osteuropa.de\/wp-content\/uploads\/2025\/01\/iStock-2169196050-770x550.jpg 770w, https:\/\/personal-aus-osteuropa.de\/wp-content\/uploads\/2025\/01\/iStock-2169196050-18x12.jpg 18w\" sizes=\"(max-width: 770px) 100vw, 770px\" \/><\/a><\/div>\t\r\n\t\t<div class=\"tstk-meta-date-wrapper\">\t\t\t\t\t\r\n\t\t\t<span>20 Jan 2025<\/span> \r\n\t\t<\/div>\t\t\r\n\t<\/div>\r\n\t<div class=\"themestek-box-content\">\t\r\n\t\t<div class=\"tstk-meta-container\">\r\n\t\t\t<div class=\"tstk-meta-author-wrapper tstk-meta-line\">\t\t\t\t\t\r\n\t\t\t\t<a href=\"https:\/\/personal-aus-osteuropa.de\/en\/author\/markus\/\" title=\"Posted editorial office\" rel=\"author\"> editorial staff<\/a>\r\n\t\t\t<\/div>\t\r\n\t\t\t<div class=\"tstk-meta-comment-wrapper tstk-meta-line\">\t\t\t\t\t\r\n\t\t\t\t<div class=\"tstk-meta-category\">\r\n\t\t\t\t\t\t\r\n\t\t\t\t<\/div>\t\r\n\t\t\t<\/div> \r\n\t\t<\/div>\r\n\t\t<h3 class=\"tstk-post-title\"><a href=\"https:\/\/personal-aus-osteuropa.de\/en\/2025\/01\/20\/calculate-tradesman-costs-and-save\/\">Tradesman costs: A detailed overview and comparison<\/a><\/h3>\r\n\t\t<div class=\"themestek-box-desc\">\r\n\t\t\tTradesman costs: A detailed overview and comparison Why are...\t\t\r\n\t\t<\/div>\r\n\t<\/div>\r\n<\/div><\/article><article class=\"tstk-ele tstk-ele-blog tstk-blog-style-1 col-md-4 schweissen tstk-term-215 tstk-even tstk-col-even\"><div class=\"post-item\">\r\n\t<div class=\"tstk-featured-container\">\t\t\r\n\t\t<div class=\"tstk-featured-wrapper\"><a href=\"https:\/\/personal-aus-osteuropa.de\/en\/2025\/01\/17\/tungsten-inert-gas-welding-tig-welding\/\"><img loading=\"lazy\" decoding=\"async\" width=\"770\" height=\"550\" src=\"https:\/\/personal-aus-osteuropa.de\/wp-content\/uploads\/2025\/01\/iStock-1024321774-1-1-770x550.jpg\" class=\"attachment-tstk-img-770x550 size-tstk-img-770x550 wp-post-image\" alt=\"wig welding\" srcset=\"https:\/\/personal-aus-osteuropa.de\/wp-content\/uploads\/2025\/01\/iStock-1024321774-1-1-770x550.jpg 770w, https:\/\/personal-aus-osteuropa.de\/wp-content\/uploads\/2025\/01\/iStock-1024321774-1-1-16x12.jpg 16w\" sizes=\"(max-width: 770px) 100vw, 770px\" \/><\/a><\/div>\t\r\n\t\t<div class=\"tstk-meta-date-wrapper\">\t\t\t\t\t\r\n\t\t\t<span>17 Jan 2025<\/span> \r\n\t\t<\/div>\t\t\r\n\t<\/div>\r\n\t<div class=\"themestek-box-content\">\t\r\n\t\t<div class=\"tstk-meta-container\">\r\n\t\t\t<div class=\"tstk-meta-author-wrapper tstk-meta-line\">\t\t\t\t\t\r\n\t\t\t\t<a href=\"https:\/\/personal-aus-osteuropa.de\/en\/author\/markus\/\" title=\"Posted editorial office\" rel=\"author\"> editorial staff<\/a>\r\n\t\t\t<\/div>\t\r\n\t\t\t<div class=\"tstk-meta-comment-wrapper tstk-meta-line\">\t\t\t\t\t\r\n\t\t\t\t<div class=\"tstk-meta-category\">\r\n\t\t\t\t\t\t\r\n\t\t\t\t<\/div>\t\r\n\t\t\t<\/div> \r\n\t\t<\/div>\r\n\t\t<h3 class=\"tstk-post-title\"><a href=\"https:\/\/personal-aus-osteuropa.de\/en\/2025\/01\/17\/tungsten-inert-gas-welding-tig-welding\/\">Tungsten inert gas welding (TIG)<\/a><\/h3>\r\n\t\t<div class=\"themestek-box-desc\">\r\n\t\t\tTungsten inert gas welding (TIG welding) Tungsten inert gas welding is abbreviated in German to...\t\t\r\n\t\t<\/div>\r\n\t<\/div>\r\n<\/div><\/article>\r\n\t\t\t<\/div> <!-- .tstk-element-posts-wrapper -->\r\n\r\n\t\t\t\r\n\t\t\r\n\t\t\r\n\t\t<\/div><!-- .themestek-element-inner -->   <\/div><!-- .themestek-element -->  \r\n\t    \t\t\t\t<\/div>\n\t\t\t\t<\/div>\n\t\t\t\t\t<\/div>\n\t\t<\/div>\n\t\t\t\t\t<\/div>\n\t\t<\/div>\n\t\t\t\t<\/div>","protected":false},"excerpt":{"rendered":"<p>{\"cpt\": \"blog\", \"style\": \"1\u2033, \"columns\": \"3\u2033, \"order\": \"DESC\", \"orderby\": \"DESC\"} Skilled workers from abroad Temporary workers, subcontractors, work contracts, labour from Eastern Europe 13 Jul 2023 Editorial team How to find qualified workers from Eastern Europe How to find qualified workers from Eastern Europe More and more... 12 Jul 2023 Editorial team Staff shortage in the electrical sector? No problem with temporary workers Electricians Staff shortage in the electrical sector? No problem with temporary workers Electricians from... 14 Jun 2023 Editorial team Photovoltaic system funding Solar system funding: Why the investment is worthwhile! Consider... 25 May[...]<\/p>","protected":false},"author":9,"featured_media":0,"parent":0,"menu_order":13,"comment_status":"closed","ping_status":"closed","template":"","meta":{"_acf_changed":false,"footnotes":""},"class_list":["post-58","page","type-page","status-publish","hentry"],"acf":[],"yoast_head":"<!-- This site is optimized with the Yoast SEO Premium plugin v26.8 (Yoast SEO v26.8) - https:\/\/yoast.com\/product\/yoast-seo-premium-wordpress\/ -->\n<title>Arbeitskr\u00e4fte Vermittlung aus Osteuropa<\/title>\n<meta name=\"description\" content=\"Wir sind ihr Partner f\u00fcr passende, spezialisierte und motivierte Arbeitskr\u00e4fte aus Osteuropa, Personalvermittlung, Zeitarbeit, Enstsendung\" \/>\n<meta name=\"robots\" content=\"index, follow, max-snippet:-1, max-image-preview:large, max-video-preview:-1\" \/>\n<link rel=\"canonical\" href=\"https:\/\/personal-aus-osteuropa.de\/en\/blog-labour-recruitment-from-eastern-europe\/\" \/>\n<meta property=\"og:locale\" content=\"en_GB\" \/>\n<meta property=\"og:type\" content=\"article\" \/>\n<meta property=\"og:title\" content=\"Aktuelles\" \/>\n<meta property=\"og:description\" content=\"Wir sind ihr Partner f\u00fcr passende, spezialisierte und motivierte Arbeitskr\u00e4fte aus Osteuropa, Personalvermittlung, Zeitarbeit, Enstsendung\" \/>\n<meta property=\"og:url\" content=\"https:\/\/personal-aus-osteuropa.de\/en\/blog-labour-recruitment-from-eastern-europe\/\" \/>\n<meta property=\"og:site_name\" content=\"Fachkr\u00e4fte aus Osteuropa\" \/>\n<meta property=\"article:modified_time\" content=\"2024-12-13T10:06:58+00:00\" \/>\n<meta property=\"og:image\" content=\"https:\/\/personal-aus-osteuropa.de\/wp-content\/uploads\/2022\/07\/iStock-1083770044.jpg\" \/>\n<meta name=\"twitter:card\" content=\"summary_large_image\" \/>\n<meta name=\"twitter:label1\" content=\"Estimated reading time\" \/>\n\t<meta name=\"twitter:data1\" content=\"4 minutes\" \/>\n<script type=\"application\/ld+json\" class=\"yoast-schema-graph\">{\"@context\":\"https:\/\/schema.org\",\"@graph\":[{\"@type\":\"Article\",\"@id\":\"https:\/\/personal-aus-osteuropa.de\/blog-arbeitskraefte-vermittlung-aus-osteuropa\/#article\",\"isPartOf\":{\"@id\":\"https:\/\/personal-aus-osteuropa.de\/blog-arbeitskraefte-vermittlung-aus-osteuropa\/\"},\"author\":{\"name\":\"Redaktion\",\"@id\":\"https:\/\/personal-aus-osteuropa.de\/#\/schema\/person\/0ce1893350b12e877d605bbb370f7e8f\"},\"headline\":\"Aktuelles\",\"datePublished\":\"2020-06-05T06:07:07+00:00\",\"dateModified\":\"2024-12-13T10:06:58+00:00\",\"mainEntityOfPage\":{\"@id\":\"https:\/\/personal-aus-osteuropa.de\/blog-arbeitskraefte-vermittlung-aus-osteuropa\/\"},\"wordCount\":224,\"publisher\":{\"@id\":\"https:\/\/personal-aus-osteuropa.de\/#organization\"},\"image\":{\"@id\":\"https:\/\/personal-aus-osteuropa.de\/blog-arbeitskraefte-vermittlung-aus-osteuropa\/#primaryimage\"},\"thumbnailUrl\":\"https:\/\/personal-aus-osteuropa.de\/wp-content\/uploads\/2022\/07\/iStock-1083770044.jpg\",\"inLanguage\":\"en-GB\"},{\"@type\":[\"WebPage\",\"CollectionPage\"],\"@id\":\"https:\/\/personal-aus-osteuropa.de\/blog-arbeitskraefte-vermittlung-aus-osteuropa\/\",\"url\":\"https:\/\/personal-aus-osteuropa.de\/blog-arbeitskraefte-vermittlung-aus-osteuropa\/\",\"name\":\"Arbeitskr\u00e4fte Vermittlung aus Osteuropa\",\"isPartOf\":{\"@id\":\"https:\/\/personal-aus-osteuropa.de\/#website\"},\"primaryImageOfPage\":{\"@id\":\"https:\/\/personal-aus-osteuropa.de\/blog-arbeitskraefte-vermittlung-aus-osteuropa\/#primaryimage\"},\"image\":{\"@id\":\"https:\/\/personal-aus-osteuropa.de\/blog-arbeitskraefte-vermittlung-aus-osteuropa\/#primaryimage\"},\"thumbnailUrl\":\"https:\/\/personal-aus-osteuropa.de\/wp-content\/uploads\/2022\/07\/iStock-1083770044.jpg\",\"datePublished\":\"2020-06-05T06:07:07+00:00\",\"dateModified\":\"2024-12-13T10:06:58+00:00\",\"description\":\"Wir sind ihr Partner f\u00fcr passende, spezialisierte und motivierte Arbeitskr\u00e4fte aus Osteuropa, Personalvermittlung, Zeitarbeit, Enstsendung\",\"breadcrumb\":{\"@id\":\"https:\/\/personal-aus-osteuropa.de\/blog-arbeitskraefte-vermittlung-aus-osteuropa\/#breadcrumb\"},\"inLanguage\":\"en-GB\"},{\"@type\":\"ImageObject\",\"inLanguage\":\"en-GB\",\"@id\":\"https:\/\/personal-aus-osteuropa.de\/blog-arbeitskraefte-vermittlung-aus-osteuropa\/#primaryimage\",\"url\":\"https:\/\/personal-aus-osteuropa.de\/wp-content\/uploads\/2022\/07\/iStock-1083770044.jpg\",\"contentUrl\":\"https:\/\/personal-aus-osteuropa.de\/wp-content\/uploads\/2022\/07\/iStock-1083770044.jpg\"},{\"@type\":\"BreadcrumbList\",\"@id\":\"https:\/\/personal-aus-osteuropa.de\/blog-arbeitskraefte-vermittlung-aus-osteuropa\/#breadcrumb\",\"itemListElement\":[{\"@type\":\"ListItem\",\"position\":1,\"name\":\"Startseite\",\"item\":\"https:\/\/personal-aus-osteuropa.de\/\"},{\"@type\":\"ListItem\",\"position\":2,\"name\":\"Aktuelles\"}]},{\"@type\":\"WebSite\",\"@id\":\"https:\/\/personal-aus-osteuropa.de\/#website\",\"url\":\"https:\/\/personal-aus-osteuropa.de\/\",\"name\":\"Fachkr\u00e4fte aus Osteuropa\",\"description\":\"Leiharbeiter &amp; Subunternehmer Vermittlung\",\"publisher\":{\"@id\":\"https:\/\/personal-aus-osteuropa.de\/#organization\"},\"alternateName\":\"Zeitarbeit & Werkvertr\u00e4ge Osteuropa\",\"potentialAction\":[{\"@type\":\"SearchAction\",\"target\":{\"@type\":\"EntryPoint\",\"urlTemplate\":\"https:\/\/personal-aus-osteuropa.de\/?s={search_term_string}\"},\"query-input\":{\"@type\":\"PropertyValueSpecification\",\"valueRequired\":true,\"valueName\":\"search_term_string\"}}],\"inLanguage\":\"en-GB\"},{\"@type\":\"Organization\",\"@id\":\"https:\/\/personal-aus-osteuropa.de\/#organization\",\"name\":\"Personal aus Osteuropa\",\"alternateName\":\"Zeitarbeit International s.r.o.\",\"url\":\"https:\/\/personal-aus-osteuropa.de\/\",\"logo\":{\"@type\":\"ImageObject\",\"inLanguage\":\"en-GB\",\"@id\":\"https:\/\/personal-aus-osteuropa.de\/#\/schema\/logo\/image\/\",\"url\":\"https:\/\/personal-aus-osteuropa.de\/wp-content\/uploads\/2022\/06\/logo_2.png\",\"contentUrl\":\"https:\/\/personal-aus-osteuropa.de\/wp-content\/uploads\/2022\/06\/logo_2.png\",\"width\":62,\"height\":60,\"caption\":\"Personal aus Osteuropa\"},\"image\":{\"@id\":\"https:\/\/personal-aus-osteuropa.de\/#\/schema\/logo\/image\/\"},\"description\":\"Zeitarbeit International ist ein Personaldienstleister f\u00fcr Zeitarbeit, Werkvertr\u00e4ge und Personalvermittlung von Arbeitskr\u00e4ften aus Osteuropa und Baltikum. Wir vermitteln den Unternehmen Deutschland Personal aus Osteuropa, EU L\u00e4ndern sowie Drittstaaten Personal f\u00fcr Handwerk, Bau, Industrie, Solartechnik, Medizin, Industriemontage, Maschinenverlagerungen, Elektrotechnik, Ingenieurwesen, Automobilindustrie, Metall- und Stahlbau, Produktion und Logistik. Unsere Kernkompetenz umfasst Schwei\u00dfen, Fertigung von Metallkonstruktionen, Montage, den Bau und Instandhaltung von industriellen Anlagen. Dar\u00fcber hinaus vermitteln wir flei\u00dfiges Produktionshelfer, Flie\u00dfbandarbeiter, Kontrolleure etc.\",\"email\":\"info@personal-aus-osteuropa.de\",\"telephone\":\"+49 172 7477707\",\"legalName\":\"Zeitarbeit International s.r.o.\",\"numberOfEmployees\":{\"@type\":\"QuantitativeValue\",\"minValue\":\"1\",\"maxValue\":\"10\"}},{\"@type\":\"Person\",\"@id\":\"https:\/\/personal-aus-osteuropa.de\/#\/schema\/person\/0ce1893350b12e877d605bbb370f7e8f\",\"name\":\"Redaktion\",\"image\":{\"@type\":\"ImageObject\",\"inLanguage\":\"en-GB\",\"@id\":\"https:\/\/personal-aus-osteuropa.de\/#\/schema\/person\/image\/\",\"url\":\"https:\/\/secure.gravatar.com\/avatar\/088239ed62db310e401e46f38d299325f293696786aba999c404ba1808a9cb46?s=96&d=mm&r=g\",\"contentUrl\":\"https:\/\/secure.gravatar.com\/avatar\/088239ed62db310e401e46f38d299325f293696786aba999c404ba1808a9cb46?s=96&d=mm&r=g\",\"caption\":\"Redaktion\"},\"url\":\"https:\/\/personal-aus-osteuropa.de\/en\/author\/markus\/\"}]}<\/script>\n<!-- \/ Yoast SEO Premium plugin. -->","yoast_head_json":{"title":"Labour recruitment from Eastern Europe","description":"We are your partner for suitable, specialised and motivated workers from Eastern Europe, personnel placement, temporary employment, secondment","robots":{"index":"index","follow":"follow","max-snippet":"max-snippet:-1","max-image-preview":"max-image-preview:large","max-video-preview":"max-video-preview:-1"},"canonical":"https:\/\/personal-aus-osteuropa.de\/en\/blog-labour-recruitment-from-eastern-europe\/","og_locale":"en_GB","og_type":"article","og_title":"Aktuelles","og_description":"Wir sind ihr Partner f\u00fcr passende, spezialisierte und motivierte Arbeitskr\u00e4fte aus Osteuropa, Personalvermittlung, Zeitarbeit, Enstsendung","og_url":"https:\/\/personal-aus-osteuropa.de\/en\/blog-labour-recruitment-from-eastern-europe\/","og_site_name":"Fachkr\u00e4fte aus Osteuropa","article_modified_time":"2024-12-13T10:06:58+00:00","og_image":[{"url":"https:\/\/personal-aus-osteuropa.de\/wp-content\/uploads\/2022\/07\/iStock-1083770044.jpg","type":"","width":"","height":""}],"twitter_card":"summary_large_image","twitter_misc":{"Estimated reading time":"4 minutes"},"schema":{"@context":"https:\/\/schema.org","@graph":[{"@type":"Article","@id":"https:\/\/personal-aus-osteuropa.de\/blog-arbeitskraefte-vermittlung-aus-osteuropa\/#article","isPartOf":{"@id":"https:\/\/personal-aus-osteuropa.de\/blog-arbeitskraefte-vermittlung-aus-osteuropa\/"},"author":{"name":"Redaktion","@id":"https:\/\/personal-aus-osteuropa.de\/#\/schema\/person\/0ce1893350b12e877d605bbb370f7e8f"},"headline":"Aktuelles","datePublished":"2020-06-05T06:07:07+00:00","dateModified":"2024-12-13T10:06:58+00:00","mainEntityOfPage":{"@id":"https:\/\/personal-aus-osteuropa.de\/blog-arbeitskraefte-vermittlung-aus-osteuropa\/"},"wordCount":224,"publisher":{"@id":"https:\/\/personal-aus-osteuropa.de\/#organization"},"image":{"@id":"https:\/\/personal-aus-osteuropa.de\/blog-arbeitskraefte-vermittlung-aus-osteuropa\/#primaryimage"},"thumbnailUrl":"https:\/\/personal-aus-osteuropa.de\/wp-content\/uploads\/2022\/07\/iStock-1083770044.jpg","inLanguage":"en-GB"},{"@type":["WebPage","CollectionPage"],"@id":"https:\/\/personal-aus-osteuropa.de\/blog-arbeitskraefte-vermittlung-aus-osteuropa\/","url":"https:\/\/personal-aus-osteuropa.de\/blog-arbeitskraefte-vermittlung-aus-osteuropa\/","name":"Labour recruitment from Eastern Europe","isPartOf":{"@id":"https:\/\/personal-aus-osteuropa.de\/#website"},"primaryImageOfPage":{"@id":"https:\/\/personal-aus-osteuropa.de\/blog-arbeitskraefte-vermittlung-aus-osteuropa\/#primaryimage"},"image":{"@id":"https:\/\/personal-aus-osteuropa.de\/blog-arbeitskraefte-vermittlung-aus-osteuropa\/#primaryimage"},"thumbnailUrl":"https:\/\/personal-aus-osteuropa.de\/wp-content\/uploads\/2022\/07\/iStock-1083770044.jpg","datePublished":"2020-06-05T06:07:07+00:00","dateModified":"2024-12-13T10:06:58+00:00","description":"We are your partner for suitable, specialised and motivated workers from Eastern Europe, personnel placement, temporary employment, secondment","breadcrumb":{"@id":"https:\/\/personal-aus-osteuropa.de\/blog-arbeitskraefte-vermittlung-aus-osteuropa\/#breadcrumb"},"inLanguage":"en-GB"},{"@type":"ImageObject","inLanguage":"en-GB","@id":"https:\/\/personal-aus-osteuropa.de\/blog-arbeitskraefte-vermittlung-aus-osteuropa\/#primaryimage","url":"https:\/\/personal-aus-osteuropa.de\/wp-content\/uploads\/2022\/07\/iStock-1083770044.jpg","contentUrl":"https:\/\/personal-aus-osteuropa.de\/wp-content\/uploads\/2022\/07\/iStock-1083770044.jpg"},{"@type":"BreadcrumbList","@id":"https:\/\/personal-aus-osteuropa.de\/blog-arbeitskraefte-vermittlung-aus-osteuropa\/#breadcrumb","itemListElement":[{"@type":"ListItem","position":1,"name":"Startseite","item":"https:\/\/personal-aus-osteuropa.de\/"},{"@type":"ListItem","position":2,"name":"Aktuelles"}]},{"@type":"WebSite","@id":"https:\/\/personal-aus-osteuropa.de\/#website","url":"https:\/\/personal-aus-osteuropa.de\/","name":"from Eastern European EU countries","description":"Temporary workers &amp; subcontractor placement","publisher":{"@id":"https:\/\/personal-aus-osteuropa.de\/#organization"},"alternateName":"Zeitarbeit & Werkvertr\u00e4ge Osteuropa","potentialAction":[{"@type":"SearchAction","target":{"@type":"EntryPoint","urlTemplate":"https:\/\/personal-aus-osteuropa.de\/?s={search_term_string}"},"query-input":{"@type":"PropertyValueSpecification","valueRequired":true,"valueName":"search_term_string"}}],"inLanguage":"en-GB"},{"@type":"Organization","@id":"https:\/\/personal-aus-osteuropa.de\/#organization","name":"Staff from Eastern Europe","alternateName":"Zeitarbeit International s.r.o.","url":"https:\/\/personal-aus-osteuropa.de\/","logo":{"@type":"ImageObject","inLanguage":"en-GB","@id":"https:\/\/personal-aus-osteuropa.de\/#\/schema\/logo\/image\/","url":"https:\/\/personal-aus-osteuropa.de\/wp-content\/uploads\/2022\/06\/logo_2.png","contentUrl":"https:\/\/personal-aus-osteuropa.de\/wp-content\/uploads\/2022\/06\/logo_2.png","width":62,"height":60,"caption":"Personal aus Osteuropa"},"image":{"@id":"https:\/\/personal-aus-osteuropa.de\/#\/schema\/logo\/image\/"},"description":"Zeitarbeit International is a personnel service provider for temporary work, work contracts and personnel placement of labour from Eastern Europe and the Baltic States. We provide companies in Germany with personnel from Eastern Europe, EU countries and third countries for skilled trades, construction, industry, solar technology, medicine, industrial assembly, machine relocation, electrical engineering, engineering, the automotive industry, metal and steel construction, production and logistics. Our core competences include welding, manufacturing of metal constructions, assembly, construction and maintenance of industrial plants. We also provide hard-working production assistants, assembly line workers, inspectors, etc.","email":"info@personal-aus-osteuropa.de","telephone":"+49 172 7477707","legalName":"Zeitarbeit International s.r.o.","numberOfEmployees":{"@type":"QuantitativeValue","minValue":"1","maxValue":"10"}},{"@type":"Person","@id":"https:\/\/personal-aus-osteuropa.de\/#\/schema\/person\/0ce1893350b12e877d605bbb370f7e8f","name":"editorial staff","image":{"@type":"ImageObject","inLanguage":"en-GB","@id":"https:\/\/personal-aus-osteuropa.de\/#\/schema\/person\/image\/","url":"https:\/\/secure.gravatar.com\/avatar\/088239ed62db310e401e46f38d299325f293696786aba999c404ba1808a9cb46?s=96&d=mm&r=g","contentUrl":"https:\/\/secure.gravatar.com\/avatar\/088239ed62db310e401e46f38d299325f293696786aba999c404ba1808a9cb46?s=96&d=mm&r=g","caption":"Redaktion"},"url":"https:\/\/personal-aus-osteuropa.de\/en\/author\/markus\/"}]}},"_links":{"self":[{"href":"https:\/\/personal-aus-osteuropa.de\/en\/wp-json\/wp\/v2\/pages\/58","targetHints":{"allow":["GET"]}}],"collection":[{"href":"https:\/\/personal-aus-osteuropa.de\/en\/wp-json\/wp\/v2\/pages"}],"about":[{"href":"https:\/\/personal-aus-osteuropa.de\/en\/wp-json\/wp\/v2\/types\/page"}],"author":[{"embeddable":true,"href":"https:\/\/personal-aus-osteuropa.de\/en\/wp-json\/wp\/v2\/users\/9"}],"replies":[{"embeddable":true,"href":"https:\/\/personal-aus-osteuropa.de\/en\/wp-json\/wp\/v2\/comments?post=58"}],"version-history":[{"count":10,"href":"https:\/\/personal-aus-osteuropa.de\/en\/wp-json\/wp\/v2\/pages\/58\/revisions"}],"predecessor-version":[{"id":8277,"href":"https:\/\/personal-aus-osteuropa.de\/en\/wp-json\/wp\/v2\/pages\/58\/revisions\/8277"}],"wp:attachment":[{"href":"https:\/\/personal-aus-osteuropa.de\/en\/wp-json\/wp\/v2\/media?parent=58"}],"curies":[{"name":"wp","href":"https:\/\/api.w.org\/{rel}","templated":true}]}}